{"id":7161,"date":"2022-07-18T11:36:43","date_gmt":"2022-07-18T09:36:43","guid":{"rendered":"https:\/\/www.adeo.com\/sprawiamy-ze-dom-staje-sie-pozytywnym-miejscem-do-zycia\/"},"modified":"2026-03-19T16:22:09","modified_gmt":"2026-03-19T15:22:09","slug":"sprawiamy-ze-dom-staje-sie-pozytywnym-miejscem-do-zycia","status":"publish","type":"page","link":"https:\/\/www.adeo.com\/pl\/","title":{"rendered":"We make home a positive place to live"},"content":{"rendered":"<div class=\"wpb-content-wrapper\"><p>[vc_row css=&#8221;.vc_custom_1659447933072{background-color: #223848 !important;}&#8221;][vc_column][vc_raw_html]JTNDZGl2JTIwc3R5bGUlM0QlMjJwb3NpdGlvbiUzQWFic29sdXRlJTNCJTIwdG9wJTNBMjBweCUzQiUyMHJpZ2h0JTNBODBweCUzQiUyMHotaW5kZXglM0ExMDAwJTNCJTIyJTNFJTNDYSUyMGhyZWYlM0QlMjJkbGEtcHJhc3klMkYlMjIlMjBzdHlsZSUzRCUyMnBhZGRpbmclM0E1cHglMjAxMHB4JTNCJTIwYm9yZGVyLXJhZGl1cyUzQTVweCUzQiUyMGJhY2tncm91bmQtY29sb3IlM0ElMjNmMmYyZWQlM0IlMjBmb250LXNpemUlM0EyMHB4JTNCJTIwJTIyJTNFRGxhJTIwcHJhc3klM0MlMkZhJTNFJTNDJTJGZGl2JTNF[\/vc_raw_html]<div class=\"adeo-section fullwidth\">\r\n\t<div class=\"ksc-top with-video\">\r\n\t\t<script>\r\n\t\tvar data_infosroll = {\"roll-we\":{\"rubrique\":\"WE\",\"texte\":\"poniewa\\u017c mamy zbiorowe i globalne wyzwanie, zobowi\\u0105zania, kt\\u00f3re dzielimy ze 115\\u00a0000\\u00a0wsp\\u00f3\\u0142pracownikami, naszymi ekosystemami, mieszka\\u0144cami, profesjonalistami i wszystkimi naszymi partnerami, aby by\\u0107 przydatnym dla siebie, dla innych i dla \\u015bwiata.\"},\"roll-make\":{\"rubrique\":\"MAKE\",\"texte\":\"poniewa\\u017c nasza praca koncentruje si\\u0119 na \\u201etworzeniu\\u201d, na \\u201eosi\\u0105ganiu, aby osi\\u0105gn\\u0105\\u0107\\u201d, na \\u201ekonkrecie\\u201d: remontowaniu, naprawianiu, dekorowaniu, wyposa\\u017caniu, budowaniu, sprz\\u0105taniu, ogrodnictwie, izolowaniu, ogrzewaniu, o\\u015bwietlaniu, zapewnianiu bezpiecze\\u0144stwa... na produkcji, dzia\\u0142aniu i oddzia\\u0142ywaniu.\"},\"roll-home\":{\"rubrique\":\"HOME\",\"texte\":\"dla swojego domu, swojego s\\u0105siedztwa, swojego miasta, swojego \\u015brodowiska, naszej planety.\"},\"roll-a-positive-place\":{\"rubrique\":\"A POSITIVE PLACE\",\"texte\":\"to miejsce zdrowe, bezpieczne, odpowiedzialne, zr\\u00f3wnowa\\u017cone, ekonomiczne, efektywne i wygodne, miejsce szcz\\u0119\\u015bliwe i przyjemne.\"},\"roll-to-live\":{\"rubrique\":\"TO LIVE\",\"texte\":\"miejsce, kt\\u00f3re nas przypomina i \\u0142\\u0105czy, w kt\\u00f3rym dobrze si\\u0119 czujemy, kt\\u00f3re dba o swoich mieszka\\u0144c\\u00f3w, a tak\\u017ce o s\\u0105siad\\u00f3w i \\u015brodowisko, przez ca\\u0142e \\u017cycie.\"}};\r\n\t\tvar data_video_src = {\"desk\":\"https:\\\/\\\/www.adeo.com\\\/wp-content\\\/uploads\\\/2022\\\/11\\\/home-top-boucle.mp4\",\"mob\":\"https:\\\/\\\/www.adeo.com\\\/wp-content\\\/uploads\\\/2022\\\/11\\\/home-top-boucle-mob.mp4\",\"imgdesk\":\"\",\"imgmob\":\"\"};\r\n\t\t<\/script>\r\n\t\t<div class=\"continue-scroll\" ><a class=\"bt-scroll\" onclick=\"TOOLS_smoothScrollTo('.ksc-lame-alaune',100);\"><\/a><\/div>\r\n\t\t\t\t<div class=\"zone-textroll\"><div class=\"textroll-content\"><\/div><\/div>\r\n\t\t\t\t<div class=\"ksc-top-zonecta\">\r\n\t\t\t\t\t<div class=\"wrapper-cta\">\r\n\t\t\t\t\t\t<ul id=\"menu-menu-principal-polonais\" class=\"navmain\"><li class='m-we menu-item menu-item-type-post_type menu-item-object-page'><a href=\"https:\/\/www.adeo.com\/pl\/we\/\"   data-rollinfos=\"m-we,menu-item,menu-item-type-post_type,menu-item-object-page\" ><span class=\"text\">We<\/span><\/a><\/li>\n<li class='m-make menu-item menu-item-type-post_type menu-item-object-page'><a href=\"https:\/\/www.adeo.com\/pl\/make\/\"   data-rollinfos=\"m-make,menu-item,menu-item-type-post_type,menu-item-object-page\" ><span class=\"text\">Make<\/span><\/a><\/li>\n<li class='m-home menu-item menu-item-type-post_type menu-item-object-page'><a href=\"https:\/\/www.adeo.com\/pl\/home\/\"   data-rollinfos=\"m-home,menu-item,menu-item-type-post_type,menu-item-object-page\" ><span class=\"text\">Home<\/span><\/a><\/li>\n<li class='m-a-positive-place menu-item menu-item-type-post_type menu-item-object-page'><a href=\"https:\/\/www.adeo.com\/pl\/a-positive-place\/\"   data-rollinfos=\"m-a-positive-place,menu-item,menu-item-type-post_type,menu-item-object-page\" ><span class=\"text\">A positive place<\/span><\/a><\/li>\n<li class='m-to-live menu-item menu-item-type-post_type menu-item-object-page'><a href=\"https:\/\/www.adeo.com\/pl\/to-live\/\"   data-rollinfos=\"m-to-live,menu-item,menu-item-type-post_type,menu-item-object-page\" ><span class=\"text\">To live<\/span><\/a><\/li>\n<\/ul>\t\r\n\t\t\t\t\t<\/div>\r\n\t\t\t\t<\/div>\r\n\t\t\t\t\t\t\t\t<div class=\"ksc-top-bgvid\" id=\"videohomewrap\"><\/div>\r\n\t\t\t\t\t\t\t<\/div>\r\n\t\t\t<div class=\"section-layerdeco\" data-refdom=\".navmain\">\r\n\t\t<div class=\"decostroke top v jaune\" data-pos=\"top\"><\/div>\r\n\t\t<div class=\"decostroke middle_top h bleu\" data-pos=\"middle_top\"><\/div>\r\n\t\t<div class=\"decostroke right_decale h jaune\" data-pos=\"right_decale\"><\/div>\r\n\t\t<div class=\"decostroke bottom hv vert pjaune\" data-pos=\"bottom\"><\/div>\r\n\t\t<div class=\"decostroke bottom_decale v bleu\" data-pos=\"bottom_decale\"><\/div>\r\n\t\t<div class=\"decostroke bottom_decale2 h rouge\" data-pos=\"bottom_decale2\"><\/div>\r\n\t\t<div class=\"decostroke left h jaune\" data-pos=\"left\"><\/div>\r\n\t<\/div>\r\n\t\t\t\t<\/div>\r\n\t[vc_row_inner][vc_column_inner]<div class=\"adeo-section fullwidth padded bg-none decaltop \"  style=\"margin-top:-320px;\" >\r\n\t<div id=\"_swiper0\" class=\"ksc-swiperjs-container  \" >\r\n\r\n\t\t<div class=\"ksc-swiperjs-content swiperjs_wrap_0 wrap-resp\">\r\n\t\t\t\r\n\t\t\t<div class=\"swiper-header\">\r\n\t\t\t\t\t\t\t\t\t\t\t<\/div>\r\n\r\n\t\t\t<div class=\"swiper-wrapper\">\r\n\t\t\t\t<div class=\"ksc-block-portrait first\">\r\n\t<p class=\"keb-titre-h3\">Poznaj wsp\u00f3lnot\u0119 na rzecz pozytywnego mieszkalnictwa<\/p>\r\n<\/div>\r\n<a class=\"ksc-block-portrait\" style=\"background-image:url('https:\/\/www.adeo.com\/wp-content\/uploads\/2022\/08\/vig_collectif_antoine_gassion.jpg')\" href=\"https:\/\/www.adeo.com\/pl\/wspolnota-adeo\/\"><\/a>\r\n<a class=\"ksc-block-portrait\" style=\"background-image:url('https:\/\/www.adeo.com\/wp-content\/uploads\/2023\/01\/vig_collectif_patrick_sabine_le_bohec.jpg')\" href=\"https:\/\/www.adeo.com\/pl\/wspolnota-adeo\/\"><\/a>\r\n<a class=\"ksc-block-portrait\" style=\"background-image:url('https:\/\/www.adeo.com\/wp-content\/uploads\/2023\/01\/vig_collectif_thadde_bigot.jpg')\" href=\"https:\/\/www.adeo.com\/pl\/wspolnota-adeo\/\"><\/a>\r\n<a class=\"ksc-block-portrait\" style=\"background-image:url('https:\/\/www.adeo.com\/wp-content\/uploads\/2023\/01\/vig_le_collectif_claire_sophie_coeudevez.jpg')\" href=\"https:\/\/www.adeo.com\/pl\/wspolnota-adeo\/\"><\/a>\r\n<a class=\"ksc-block-portrait\" style=\"background-image:url('https:\/\/www.adeo.com\/wp-content\/uploads\/2023\/01\/vig_collectif_aurelien_frappart.jpg')\" href=\"https:\/\/www.adeo.com\/pl\/wspolnota-adeo\/\"><\/a>\r\n<a class=\"ksc-block-portrait\" style=\"background-image:url('https:\/\/www.adeo.com\/wp-content\/uploads\/2023\/01\/vig_collectif_hind_malti.jpg')\" href=\"https:\/\/www.adeo.com\/pl\/wspolnota-adeo\/\"><\/a>\r\n<a class=\"ksc-block-portrait\" style=\"background-image:url('https:\/\/www.adeo.com\/wp-content\/uploads\/2023\/01\/vig_collectif_thiago_ribeiro.jpg')\" href=\"https:\/\/www.adeo.com\/pl\/wspolnota-adeo\/\"><\/a>\r\n<a class=\"ksc-block-portrait\" style=\"background-image:url('https:\/\/www.adeo.com\/wp-content\/uploads\/2023\/01\/vig_collectif_nuno_torres.jpg')\" href=\"https:\/\/www.adeo.com\/pl\/wspolnota-adeo\/\"><\/a>\r\n<a class=\"ksc-block-portrait\" style=\"background-image:url('https:\/\/www.adeo.com\/wp-content\/uploads\/2023\/01\/vig_collectif_jesus_casero.jpg')\" href=\"https:\/\/www.adeo.com\/pl\/wspolnota-adeo\/\"><\/a>\r\n<a class=\"ksc-block-portrait\" style=\"background-image:url('https:\/\/www.adeo.com\/wp-content\/uploads\/2023\/01\/vig_collectif_sandra_colombo.jpg')\" href=\"https:\/\/www.adeo.com\/pl\/wspolnota-adeo\/\"><\/a>\r\n\t\t\t<\/div>\r\n\r\n\t\t\t\r\n\t\t\t<div class=\"swiper-pagination\"><\/div>\r\n\r\n\t\t\t\t\t\t\r\n\t\t\t<div class=\"swiper-button-prev swiperbtprev-0\">\r\n\t\t\t\t\t<style>\r\n\t\t.omb {box-shadow: 0px 0px 30px rgba(0, 0, 0, 0.9);}\r\n\t<\/style>\r\n\t<svg width=\"180\" height=\"180\" viewBox=\"0 0 180 180\" fill=\"none\" xmlns=\"http:\/\/www.w3.org\/2000\/svg\" class=\"picto-svg-next\">\r\n\t<circle cx=\"90\" cy=\"90\" r=\"60\" class=\"omb\" \/>\r\n\t\t<rect x=\"79.3223\" y=\"86.7868\" width=\"25\" height=\"5\" transform=\"rotate(45 79.3223 86.7868)\" fill=\"#F2F2ED\" \/>\r\n\t<rect width=\"25\" height=\"5\" transform=\"matrix(-0.707107 0.707107 0.707107 0.707107 93.3271 72.3215)\" fill=\"#F2F2ED\" \/>\r\n\t\t<\/svg>\r\n\t\t\t\t<\/div>\r\n\t\t\t<div class=\"swiper-button-next swiperbtnext-0\">\r\n\t\t\t\t\t<style>\r\n\t\t.omb {box-shadow: 0px 0px 30px rgba(0, 0, 0, 0.9);}\r\n\t<\/style>\r\n\t<svg width=\"180\" height=\"180\" viewBox=\"0 0 180 180\" fill=\"none\" xmlns=\"http:\/\/www.w3.org\/2000\/svg\" class=\"picto-svg-next\">\r\n\t<circle cx=\"90\" cy=\"90\" r=\"60\" class=\"omb\" \/>\r\n\t\t<rect x=\"100.678\" y=\"93.2133\" width=\"25\" height=\"5\" transform=\"rotate(-135 100.678 93.2133)\" fill=\"#F2F2ED\" \/>\r\n\t<rect width=\"25\" height=\"5\" transform=\"matrix(0.707107 -0.707107 -0.707107 -0.707107 86.6733 107.678)\" fill=\"#F2F2ED\" \/>\r\n\t\t<\/svg>\r\n\t\t\t\t<\/div>\r\n\t\t\t            \t\t<\/div>\r\n\t<\/div>\r\n<\/div>\r\n\r\n[\/vc_column_inner][\/vc_row_inner]<div class=\"adeo-section fullwidth bg-darkblue padded\">\r\n\t<div class=\"ksc-lame-alaune\">\r\n\t\t<div class=\"wrap-resp\">\r\n\t\t\t<div class=\"UIflex\">\r\n\t\t\t\t<div class=\"UIflex-col\">\r\n                    \t\t\t\t\t<div class=\"UIblock block-square block-rounded blockid-decalimg\">\r\n\t\t\t\t\t\t<div class=\"UIblock-content content-img\" style=\"background-image:url('https:\/\/www.adeo.com\/wp-content\/uploads\/2026\/03\/Egalite-professionnelle-un-levier-de-performance-et-davenir-pour-ADEO.jpg');\">\r\n\t\t\t\t\t\t<\/div>\r\n\t\t\t\t\t<\/div>\r\n\t\t\t\t\t\t\t\t\t<\/div>\r\n\t\t\t\t<div class=\"UIflex-col\">\r\n                                            <p class=\"title-with-barre\">Na stronie g\u0142\u00f3wnej<\/p>\r\n                    \t\t\t\t\t<div class=\"keb-titre-h2 mrg-b30 title-with-underscore\">Professional equality: a driver of performance and future growth for ADEO<\/div>\r\n\t\t\t\t\t<div class=\"keb-titre-h6 mrg-b30\">At ADEO, we firmly believe that our overall performance is based on the diversity and complementarity of our talents. &nbsp; Ensuring that each person has a meaningful role and is fully recognized goes far beyond a human commitment; it is the driving force behind our collective success. To turn this conviction into concrete results, we have made professional equality a&hellip;<\/div>\r\n\t\t\t\t\t<a href=\"https:\/\/www.adeo.com\/pl\/news\/professional-equality-a-driver-of-performance-and-future-growth-for-adeo\/\" class=\"adeo-bt inverted\">Dowiedz si\u0119 wi\u0119cej<\/a>\r\n\t\t\t\t<\/div>\r\n\t\t\t<\/div>\r\n\t\t<\/div>\r\n\t<\/div>\r\n<\/div>\r\n<div class=\"adeo-section fullwidth padded bg-darkblue \" >\r\n\t<div id=\"_swiper1\" class=\"ksc-swiperjs-container  \" >\r\n\r\n\t\t<div class=\"ksc-swiperjs-content swiperjs_wrap_1 wrap-resp\">\r\n\t\t\t\r\n\t\t\t<div class=\"swiper-header\">\r\n\t\t\t\t\t\t\t\t<h2 class=\"keb-titre-h1 title-with-underscore\" >Nasze najnowsze wiadomo\u015bci<\/h2>\r\n\t\t\t\t\t\t\t\t\t\t\t\t<div class=\"header-btall\"><a href=\"https:\/\/www.adeo.com\/pl\/dzialac-razem\/\" title=\"Dzia\u0142a\u0107 razem\" class=\"adeo-bt valadeo inverted\" >Wszystkie nasze wiadomo\u015bci<\/a><\/div>\r\n\r\n\t\t\t\t\t\t\t<\/div>\r\n\r\n\t\t\t<div class=\"swiper-wrapper\">\r\n\t\t\t\t<a class=\"ksc-block-post \" href=\"https:\/\/www.adeo.com\/pl\/news\/professional-equality-a-driver-of-performance-and-future-growth-for-adeo\/\">\r\n\t<div class=\"alpha\"><\/div>\r\n\t\t<div class=\"visu\" style=\"background-image:url('https:\/\/www.adeo.com\/wp-content\/uploads\/2026\/03\/Egalite-professionnelle-un-levier-de-performance-et-davenir-pour-ADEO-1024x576.jpg')\"><\/div>\r\n\t\t<div class=\"text\">\r\n        \t\t<h3 class=\"title keb-titre-h4\"><span class=\"surligne\">Professional equality: a driver of performance and future growth for ADEO<\/span><\/h3>\r\n\t\t<div class=\"adeo-bt bt-blanc\">Przeczytaj artyku\u0142<\/div>\r\n\t\t\r\n\t<\/div>\r\n<\/a>\r\n<a class=\"ksc-block-post \" href=\"https:\/\/www.adeo.com\/pl\/news\/housing-local-commitments-from-our-leaders\/\">\r\n\t<div class=\"alpha\"><\/div>\r\n\t\t<div class=\"visu\" style=\"background-image:url('https:\/\/www.adeo.com\/wp-content\/uploads\/2026\/02\/Habitat-nos-leaders-sengagent-localement-3-1024x576.jpg')\"><\/div>\r\n\t\t<div class=\"text\">\r\n        \t\t<h3 class=\"title keb-titre-h4\"><span class=\"surligne\">Housing: local commitments  from our leaders<\/span><\/h3>\r\n\t\t<div class=\"adeo-bt bt-blanc\">Przeczytaj artyku\u0142<\/div>\r\n\t\t\r\n\t<\/div>\r\n<\/a>\r\n<a class=\"ksc-block-post \" href=\"https:\/\/www.adeo.com\/pl\/news\/all-adeo-globalny-system-dzielenia-sie-wartoscia\/\">\r\n\t<div class=\"alpha\"><\/div>\r\n\t\t<div class=\"visu\" style=\"background-image:url('https:\/\/www.adeo.com\/wp-content\/uploads\/2025\/09\/article_all_adeo-1024x576.jpg')\"><\/div>\r\n\t\t<div class=\"text\">\r\n        \t\t<h3 class=\"title keb-titre-h4\"><span class=\"surligne\">Wywiad, w kt\u00f3rym Thomas Bouret i Weber Niza wymieniaj\u0105 si\u0119 pogl\u0105dami<\/span><\/h3>\r\n\t\t<div class=\"adeo-bt bt-blanc\">Przeczytaj artyku\u0142<\/div>\r\n\t\t\r\n\t<\/div>\r\n<\/a>\r\n<a class=\"ksc-block-post \" href=\"https:\/\/www.adeo.com\/pl\/news\/get-involved-festival-celebrating-diversity-inclusion-and-solidarity-at-adeo\/\">\r\n\t<div class=\"alpha\"><\/div>\r\n\t\t<div class=\"visu\" style=\"background-image:url('https:\/\/www.adeo.com\/wp-content\/uploads\/2025\/11\/Get-Involved-Festival-ADEO-celebre-la-diversite-linclusion-et-la-solidarite-1024x576.jpg')\"><\/div>\r\n\t\t<div class=\"text\">\r\n        \t\t<h3 class=\"title keb-titre-h4\"><span class=\"surligne\">Get Involved Festival: Celebrating Diversity, Inclusion, and Solidarity at ADEO<\/span><\/h3>\r\n\t\t<div class=\"adeo-bt bt-blanc\">Przeczytaj artyku\u0142<\/div>\r\n\t\t\r\n\t<\/div>\r\n<\/a>\r\n<a class=\"ksc-block-post \" href=\"https:\/\/www.adeo.com\/pl\/news\/the-weldom-entrepreneur-campus\/\">\r\n\t<div class=\"alpha\"><\/div>\r\n\t\t<div class=\"visu\" style=\"background-image:url('https:\/\/www.adeo.com\/wp-content\/uploads\/2024\/09\/cover_campus_entrepreneurs-1024x576.jpg')\"><\/div>\r\n\t\t<div class=\"text\">\r\n        \t\t<h3 class=\"title keb-titre-h4\"><span class=\"surligne\">The Entrepreneur Campus: revealing the spirit of entrepreneurship<\/span><\/h3>\r\n\t\t<div class=\"adeo-bt bt-blanc\">Przeczytaj artyku\u0142<\/div>\r\n\t\t\r\n\t<\/div>\r\n<\/a>\r\n<a class=\"ksc-block-post \" href=\"https:\/\/www.adeo.com\/pl\/news\/obramax-professionals-academy\/\">\r\n\t<div class=\"alpha\"><\/div>\r\n\t\t<div class=\"visu\" style=\"background-image:url('https:\/\/www.adeo.com\/wp-content\/uploads\/2025\/03\/Academie-des-professionnels-Obramax-1-1024x576.jpg')\"><\/div>\r\n\t\t<div class=\"text\">\r\n        \t\t<h3 class=\"title keb-titre-h4\"><span class=\"surligne\">Obramax Professionals Academy: Over 47,000 professionals trained!<\/span><\/h3>\r\n\t\t<div class=\"adeo-bt bt-blanc\">Przeczytaj artyku\u0142<\/div>\r\n\t\t\r\n\t<\/div>\r\n<\/a>\r\n<a class=\"ksc-block-post \" href=\"https:\/\/www.adeo.com\/pl\/news\/the-adeo-marketplace\/\">\r\n\t<div class=\"alpha\"><\/div>\r\n\t\t<div class=\"visu\" style=\"background-image:url('https:\/\/www.adeo.com\/wp-content\/uploads\/2024\/07\/cover_la_marketplace_adeo-1024x576.jpg')\"><\/div>\r\n\t\t<div class=\"text\">\r\n        \t\t<h3 class=\"title keb-titre-h4\"><span class=\"surligne\">The ADEO marketplace: a major asset for ADEO customers, partners and businesses<\/span><\/h3>\r\n\t\t<div class=\"adeo-bt bt-blanc\">Przeczytaj artyku\u0142<\/div>\r\n\t\t\r\n\t<\/div>\r\n<\/a>\r\n<a class=\"ksc-block-post \" href=\"https:\/\/www.adeo.com\/pl\/news\/enki-a-technology-available-to-all\/\">\r\n\t<div class=\"alpha\"><\/div>\r\n\t\t<div class=\"visu\" style=\"background-image:url('https:\/\/www.adeo.com\/wp-content\/uploads\/2024\/06\/enki_une_technologie_accessible_a_tous-1024x576.jpg')\"><\/div>\r\n\t\t<div class=\"text\">\r\n        \t\t<h3 class=\"title keb-titre-h4\"><span class=\"surligne\">ENKI, for a smarter efficient home<\/span><\/h3>\r\n\t\t<div class=\"adeo-bt bt-blanc\">Przeczytaj artyku\u0142<\/div>\r\n\t\t\r\n\t<\/div>\r\n<\/a>\r\n<a class=\"ksc-block-post \" href=\"https:\/\/www.adeo.com\/pl\/news\/leroy-merlin-hiszpania-uruchamia-swoja-platforme-internetowa-hogami\/\">\r\n\t<div class=\"alpha\"><\/div>\r\n\t\t<div class=\"visu\" style=\"background-image:url('https:\/\/www.adeo.com\/wp-content\/uploads\/2023\/02\/cover_leroy_merlin_espagne_lance_sa_marketplace_de_services_hogami-1024x576.jpg')\"><\/div>\r\n\t\t<div class=\"text\">\r\n        \t\t<h3 class=\"title keb-titre-h4\"><span class=\"surligne\">Leroy&nbsp;Merlin Hiszpania uruchamia swoj\u0105 platform\u0119 internetow\u0105 Hogami<\/span><\/h3>\r\n\t\t<div class=\"adeo-bt bt-blanc\">Przeczytaj artyku\u0142<\/div>\r\n\t\t\r\n\t<\/div>\r\n<\/a>\r\n<a class=\"ksc-block-post \" href=\"https:\/\/www.adeo.com\/pl\/news\/circular-economy-the-real-commitment-of-adeo-companies\/\">\r\n\t<div class=\"alpha\"><\/div>\r\n\t\t<div class=\"visu\" style=\"background-image:url('https:\/\/www.adeo.com\/wp-content\/uploads\/2024\/02\/cover_article_economie_circulaire_engagement_concret_adeo-1024x576.jpg')\"><\/div>\r\n\t\t<div class=\"text\">\r\n        \t\t<h3 class=\"title keb-titre-h4\"><span class=\"surligne\">Circular Economy: the real commitment of ADEO companies<\/span><\/h3>\r\n\t\t<div class=\"adeo-bt bt-blanc\">Przeczytaj artyku\u0142<\/div>\r\n\t\t\r\n\t<\/div>\r\n<\/a>\r\n\t\t\t<\/div>\r\n\r\n\t\t\t\r\n\t\t\t<div class=\"swiper-pagination\"><\/div>\r\n\r\n\t\t\t\t\t\t\r\n\t\t\t<div class=\"swiper-button-prev swiperbtprev-1\">\r\n\t\t\t\t\t<style>\r\n\t\t.omb {box-shadow: 0px 0px 30px rgba(0, 0, 0, 0.9);}\r\n\t<\/style>\r\n\t<svg width=\"180\" height=\"180\" viewBox=\"0 0 180 180\" fill=\"none\" xmlns=\"http:\/\/www.w3.org\/2000\/svg\" class=\"picto-svg-next\">\r\n\t<circle cx=\"90\" cy=\"90\" r=\"60\" class=\"omb\" \/>\r\n\t\t<rect x=\"79.3223\" y=\"86.7868\" width=\"25\" height=\"5\" transform=\"rotate(45 79.3223 86.7868)\" fill=\"#F2F2ED\" \/>\r\n\t<rect width=\"25\" height=\"5\" transform=\"matrix(-0.707107 0.707107 0.707107 0.707107 93.3271 72.3215)\" fill=\"#F2F2ED\" \/>\r\n\t\t<\/svg>\r\n\t\t\t\t<\/div>\r\n\t\t\t<div class=\"swiper-button-next swiperbtnext-1\">\r\n\t\t\t\t\t<style>\r\n\t\t.omb {box-shadow: 0px 0px 30px rgba(0, 0, 0, 0.9);}\r\n\t<\/style>\r\n\t<svg width=\"180\" height=\"180\" viewBox=\"0 0 180 180\" fill=\"none\" xmlns=\"http:\/\/www.w3.org\/2000\/svg\" class=\"picto-svg-next\">\r\n\t<circle cx=\"90\" cy=\"90\" r=\"60\" class=\"omb\" \/>\r\n\t\t<rect x=\"100.678\" y=\"93.2133\" width=\"25\" height=\"5\" transform=\"rotate(-135 100.678 93.2133)\" fill=\"#F2F2ED\" \/>\r\n\t<rect width=\"25\" height=\"5\" transform=\"matrix(0.707107 -0.707107 -0.707107 -0.707107 86.6733 107.678)\" fill=\"#F2F2ED\" \/>\r\n\t\t<\/svg>\r\n\t\t\t\t<\/div>\r\n\t\t\t                            <div class=\"btall-mobile\"><a href=\"https:\/\/www.adeo.com\/pl\/dzialac-razem\/\" title=\"Dzia\u0142a\u0107 razem\" class=\"adeo-bt valadeo inverted\" >Wszystkie nasze wiadomo\u015bci<\/a><\/div>\r\n            \t\t<\/div>\r\n\t<\/div>\r\n<\/div>\r\n\r\n<div class=\"adeo-section fullwidth padded bg-darkblue \" >\r\n\t<div id=\"_swiper2\" class=\"ksc-swiperjs-container  \" >\r\n\r\n\t\t<div class=\"ksc-swiperjs-content swiperjs_wrap_2 wrap-resp\">\r\n\t\t\t\r\n\t\t\t<div class=\"swiper-header\">\r\n\t\t\t\t\t\t\t\t<h2 class=\"keb-titre-h1 title-with-underscore\" >Nasze raporty i dokumenty<\/h2>\r\n\t\t\t\t\t\t\t\t\t\t\t\t<div class=\"header-btall\"><a href=\"https:\/\/www.adeo.com\/pl\/dla-prasy\/\" title=\"Dla prasy\" class=\"adeo-bt valadeo inverted\" >Wszystkie nasze dokumenty<\/a><\/div>\r\n\r\n\t\t\t\t\t\t\t<\/div>\r\n\r\n\t\t\t<div class=\"swiper-wrapper\">\r\n\t\t\t\t<a class=\"ksc-block-cp\" href=\"https:\/\/www.adeo.com\/pl\/prasa\/adeo-celebrates-40-years-of-employee-shareholding\/\">\r\n\t<div class=\"visutop\" style=\"background-image:url('https:\/\/www.adeo.com\/wp-content\/uploads\/2023\/06\/cover_plan_de_vigilance_adeo_2022-1.jpg')\" role=\"banner\">\r\n\t\t\r\n\t<\/div>\r\n\t<div class=\"contenu\">\r\n        <h3 class=\"keb-headings keb-titre-h4\">ADEO CELEBRATES 40 YEARS OF EMPLOYEE SHAREHOLDING<\/h3>\r\n        <p class=\"extract\">ADEO CELEBRATES 40 YEARS OF EMPLOYEE SHAREHOLDING AND CONFIRMS ITS LARGE-SCALE MODEL &nbsp; On March 26, 2026, during its General Meeting of employee shareholders, ADEO celebrated 40 years of employee&hellip;<\/p>\r\n       \r\n\t<\/div>\t\r\n\t<p class=\"link_decouvrir\">Przeczytaj komunikat prasowy<\/p>\r\n<\/a>\r\n<a class=\"ksc-block-cp\" href=\"https:\/\/www.adeo.com\/pl\/prasa\/adeo-announces-the-appointment-of-adiba-sadik\/\">\r\n\t<div class=\"visutop\" style=\"background-image:url('https:\/\/www.adeo.com\/wp-content\/uploads\/2025\/06\/nomination-adiba-sadik-adeo.jpg')\" role=\"banner\">\r\n\t\t\r\n\t<\/div>\r\n\t<div class=\"contenu\">\r\n        <h3 class=\"keb-headings keb-titre-h4\">Appointment of Adiba Sadik<\/h3>\r\n        <p class=\"extract\">ADEO announces the appointment of Adiba Sadik as Chief Business Development Officer and member of the Executive Committee<\/p>\r\n       \r\n\t<\/div>\t\r\n\t<p class=\"link_decouvrir\">Przeczytaj komunikat prasowy<\/p>\r\n<\/a>\r\n<a class=\"ksc-block-cp\" href=\"https:\/\/www.adeo.com\/pl\/prasa\/2025-adeo-presentation\/\">\r\n\t<div class=\"visutop\" style=\"background-image:url('https:\/\/www.adeo.com\/wp-content\/uploads\/2025\/05\/FR-presentation-ADEO-2025-1.jpg')\" role=\"banner\">\r\n\t\t\r\n\t<\/div>\r\n\t<div class=\"contenu\">\r\n        <h3 class=\"keb-headings keb-titre-h4\">2025 ADEO Presentation<\/h3>\r\n        <p class=\"extract\">ADEO brings together an ecosystem of companies offering a range of goods and services for home improvement. &nbsp; We help private consumers and trade professionals in bringing their projects to&hellip;<\/p>\r\n       \r\n\t<\/div>\t\r\n\t<p class=\"link_decouvrir\">Przeczytaj komunikat prasowy<\/p>\r\n<\/a>\r\n<a class=\"ksc-block-cp\" href=\"https:\/\/www.adeo.com\/pl\/prasa\/2024-extra-financial-performance-declaration\/\">\r\n\t<div class=\"visutop\" style=\"background-image:url('https:\/\/www.adeo.com\/wp-content\/uploads\/2025\/05\/EN-2024-DPEF.jpg')\" role=\"banner\">\r\n\t\t\r\n\t<\/div>\r\n\t<div class=\"contenu\">\r\n        <h3 class=\"keb-headings keb-titre-h4\">2024 Extra-Financial Performance Declaration<\/h3>\r\n        <p class=\"extract\">Publication of the 2024 Extra-Financial Performance Declaration &nbsp; ADEO has built its purpose and mission \u201cWe Make Home a Positive Place to Live\u201d on the conviction that becoming a company&hellip;<\/p>\r\n       \r\n\t<\/div>\t\r\n\t<p class=\"link_decouvrir\">Przeczytaj raport<\/p>\r\n<\/a>\r\n<a class=\"ksc-block-cp\" href=\"https:\/\/www.adeo.com\/pl\/prasa\/2024-vigilance-plan\/\">\r\n\t<div class=\"visutop\" style=\"background-image:url('https:\/\/www.adeo.com\/wp-content\/uploads\/2023\/06\/cover_plan_de_vigilance.jpeg')\" role=\"banner\">\r\n\t\t\r\n\t<\/div>\r\n\t<div class=\"contenu\">\r\n        <h3 class=\"keb-headings keb-titre-h4\">2024 Vigilance Plan<\/h3>\r\n        <p class=\"extract\">Publication of the 2024 Vigilance Plan &nbsp; ADEO brings together an ecosystem of companies, relying on the commitment of its employees to build, at the heart of local communities and&hellip;<\/p>\r\n       \r\n\t<\/div>\t\r\n\t<p class=\"link_decouvrir\">Przeczytaj raport<\/p>\r\n<\/a>\r\n<a class=\"ksc-block-cp\" href=\"https:\/\/www.adeo.com\/pl\/prasa\/with-mirakl-adeo-consolidates-its-marketplace-strategy\/\">\r\n\t<div class=\"visutop\" style=\"background-image:url('https:\/\/www.adeo.com\/wp-content\/uploads\/2023\/06\/cover_plan_de_vigilance_adeo_2022-1.jpg')\" role=\"banner\">\r\n\t\t\r\n\t<\/div>\r\n\t<div class=\"contenu\">\r\n        <h3 class=\"keb-headings keb-titre-h4\">With Mirakl, ADEO consolidates its marketplace strategy<\/h3>\r\n        <p class=\"extract\">To meet the needs of private and professional customers, ADEO, the European leading Home Improvement and DIY retail Group, is expanding its marketplace business, which now accounts for more than&hellip;<\/p>\r\n       \r\n\t<\/div>\t\r\n\t<p class=\"link_decouvrir\">Przeczytaj komunikat prasowy<\/p>\r\n<\/a>\r\n<a class=\"ksc-block-cp\" href=\"https:\/\/www.adeo.com\/pl\/prasa\/adeo-chooses-axionable-and-sweep-for-its-positive-transformation\/\">\r\n\t<div class=\"visutop\" style=\"background-image:url('https:\/\/www.adeo.com\/wp-content\/uploads\/2023\/06\/cover_plan_de_vigilance.jpeg')\" role=\"banner\">\r\n\t\t\r\n\t<\/div>\r\n\t<div class=\"contenu\">\r\n        <h3 class=\"keb-headings keb-titre-h4\">ADEO chooses Axionable and Sweep for its Positive Transformation<\/h3>\r\n        <p class=\"extract\">ADEO chooses Axionable and Sweep for its Positive Transformation &nbsp; ADEO chooses Axionable and Sweep, the carbon and ESG data management platform to accelerate its transformation into a positive-impact company.&hellip;<\/p>\r\n       \r\n\t<\/div>\t\r\n\t<p class=\"link_decouvrir\">Przeczytaj komunikat prasowy<\/p>\r\n<\/a>\r\n<a class=\"ksc-block-cp\" href=\"https:\/\/www.adeo.com\/pl\/prasa\/solidarity-at-the-heart-of-our-actions\/\">\r\n\t<div class=\"visutop\" style=\"background-image:url('https:\/\/www.adeo.com\/wp-content\/uploads\/2024\/06\/image_village_solidarite_ukraine.jpg')\" role=\"banner\">\r\n\t\t\r\n\t<\/div>\r\n\t<div class=\"contenu\">\r\n        <h3 class=\"keb-headings keb-titre-h4\">Solidarity at the heart of our actions<\/h3>\r\n        <p class=\"extract\">Solidarity is one of our values and is expressed in all our Companies. &nbsp; In relation to the war in Ukraine, we were able to demonstrate the strength of our&hellip;<\/p>\r\n       \r\n\t<\/div>\t\r\n\t<p class=\"link_decouvrir\">Przeczytaj raport<\/p>\r\n<\/a>\r\n<a class=\"ksc-block-cp\" href=\"https:\/\/www.adeo.com\/pl\/prasa\/overview-2023\/\">\r\n\t<div class=\"visutop\" style=\"background-image:url('https:\/\/www.adeo.com\/wp-content\/uploads\/2024\/04\/ADEO_OVERVIEW_EN_Page_01-1.jpg')\" role=\"banner\">\r\n\t\t\r\n\t<\/div>\r\n\t<div class=\"contenu\">\r\n        <h3 class=\"keb-headings keb-titre-h4\">Overview ADEO 2023<\/h3>\r\n        <p class=\"extract\">OVERVIEW ADEO 2023 Discover our Overview 2023, a detailed overview of our business, including our key figures for 2023, our brands, our vision, our international presence, our organisational structure and&hellip;<\/p>\r\n       \r\n\t<\/div>\t\r\n\t<p class=\"link_decouvrir\">Przeczytaj raport<\/p>\r\n<\/a>\r\n<a class=\"ksc-block-cp\" href=\"https:\/\/www.adeo.com\/pl\/prasa\/2023-extra-financial-performance-declaration\/\">\r\n\t<div class=\"visutop\" style=\"background-image:url('https:\/\/www.adeo.com\/wp-content\/uploads\/2024\/04\/image_declaration_performance_extra_financiere.jpg')\" role=\"banner\">\r\n\t\t\r\n\t<\/div>\r\n\t<div class=\"contenu\">\r\n        <h3 class=\"keb-headings keb-titre-h4\">2023 Extra-Financial Performance Declaration<\/h3>\r\n        <p class=\"extract\">ADEO's mission is \"We make home a positive place to live\", and we believe that becoming a positive-impacts company is essential to the long-term future of our business and the&hellip;<\/p>\r\n       \r\n\t<\/div>\t\r\n\t<p class=\"link_decouvrir\">Przeczytaj raport<\/p>\r\n<\/a>\r\n\t\t\t<\/div>\r\n\r\n\t\t\t\r\n\t\t\t<div class=\"swiper-pagination\"><\/div>\r\n\r\n\t\t\t\t\t\t\r\n\t\t\t<div class=\"swiper-button-prev swiperbtprev-2\">\r\n\t\t\t\t\t<style>\r\n\t\t.omb {box-shadow: 0px 0px 30px rgba(0, 0, 0, 0.9);}\r\n\t<\/style>\r\n\t<svg width=\"180\" height=\"180\" viewBox=\"0 0 180 180\" fill=\"none\" xmlns=\"http:\/\/www.w3.org\/2000\/svg\" class=\"picto-svg-next\">\r\n\t<circle cx=\"90\" cy=\"90\" r=\"60\" class=\"omb\" \/>\r\n\t\t<rect x=\"79.3223\" y=\"86.7868\" width=\"25\" height=\"5\" transform=\"rotate(45 79.3223 86.7868)\" fill=\"#F2F2ED\" \/>\r\n\t<rect width=\"25\" height=\"5\" transform=\"matrix(-0.707107 0.707107 0.707107 0.707107 93.3271 72.3215)\" fill=\"#F2F2ED\" \/>\r\n\t\t<\/svg>\r\n\t\t\t\t<\/div>\r\n\t\t\t<div class=\"swiper-button-next swiperbtnext-2\">\r\n\t\t\t\t\t<style>\r\n\t\t.omb {box-shadow: 0px 0px 30px rgba(0, 0, 0, 0.9);}\r\n\t<\/style>\r\n\t<svg width=\"180\" height=\"180\" viewBox=\"0 0 180 180\" fill=\"none\" xmlns=\"http:\/\/www.w3.org\/2000\/svg\" class=\"picto-svg-next\">\r\n\t<circle cx=\"90\" cy=\"90\" r=\"60\" class=\"omb\" \/>\r\n\t\t<rect x=\"100.678\" y=\"93.2133\" width=\"25\" height=\"5\" transform=\"rotate(-135 100.678 93.2133)\" fill=\"#F2F2ED\" \/>\r\n\t<rect width=\"25\" height=\"5\" transform=\"matrix(0.707107 -0.707107 -0.707107 -0.707107 86.6733 107.678)\" fill=\"#F2F2ED\" \/>\r\n\t\t<\/svg>\r\n\t\t\t\t<\/div>\r\n\t\t\t                            <div class=\"btall-mobile\"><a href=\"https:\/\/www.adeo.com\/pl\/dla-prasy\/\" title=\"Dla prasy\" class=\"adeo-bt valadeo inverted\" >Wszystkie nasze dokumenty<\/a><\/div>\r\n            \t\t<\/div>\r\n\t<\/div>\r\n<\/div>\r\n\r\n<div class=\"adeo-section fullwidth bg-darkblue\">\r\n\t<div class=\"ksc-lame-mosaique\">\t\t\r\n\t\t<div class=\"wrap-mosaique wrap-resp\">\r\n                            <h2 class=\"keb-titre-h1 title-with-underscore\">Poznaj lepiej ADEO<\/h2>\r\n                        <a class=\"ksc-block-post \" href=\"https:\/\/www.adeo.com\/pl\/poznaj\/dzielenie-sie-w-sercu-naszej-kultury\/\">\r\n\t<div class=\"alpha\"><\/div>\r\n\t\t<div class=\"visu\" style=\"background-image:url('https:\/\/www.adeo.com\/wp-content\/uploads\/2022\/09\/dossier_cover_au_coeur_de_nos_engagements-1024x576.jpg')\"><\/div>\r\n\t\t<div class=\"text\">\r\n        \t\t  <div class=\"meta-cat keb-titre-h6\">#Culture<\/div>\r\n        \t\t<h3 class=\"title keb-titre-h4\"><span class=\"surligne\">Dzielenie si\u0119 w sercu&nbsp;naszej kultury<\/span><\/h3>\r\n\t\t<div class=\"adeo-bt bt-blanc\">Przeczytaj artyku\u0142<\/div>\r\n\t\t\r\n\t<\/div>\r\n<\/a>\r\n            <a class=\"ksc-block-post \" href=\"https:\/\/www.adeo.com\/pl\/poznaj\/udostepnianie-naszych-rozwiazan-dla-pozytywnego-mieszkalnictwa\/\">\r\n\t<div class=\"alpha\"><\/div>\r\n\t\t<div class=\"visu\" style=\"background-image:url('https:\/\/www.adeo.com\/wp-content\/uploads\/2022\/09\/dossier_cover_notre_manifeste-1024x576.jpg')\"><\/div>\r\n\t\t<div class=\"text\">\r\n        \t\t  <div class=\"meta-cat keb-titre-h6\">#OurManifesto<\/div>\r\n        \t\t<h3 class=\"title keb-titre-h4\"><span class=\"surligne\">Zapewnienie dost\u0119pno\u015bci naszych rozwi\u0105za\u0144 dla pozytywnego mieszkalnictwa<\/span><\/h3>\r\n\t\t<div class=\"adeo-bt bt-blanc\">Przeczytaj artyku\u0142<\/div>\r\n\t\t\r\n\t<\/div>\r\n<\/a>\r\n            <a class=\"ksc-block-post \" href=\"https:\/\/www.adeo.com\/pl\/poznaj\/sprawic-aby-nasze-mieszkania-byly-pozytywnymi-miejscami-do-zycia\/\">\r\n\t<div class=\"alpha\"><\/div>\r\n\t\t<div class=\"visu\" style=\"background-image:url('https:\/\/www.adeo.com\/wp-content\/uploads\/2022\/09\/dossier_cover_nos_engagements_2-1024x1024.jpg')\"><\/div>\r\n\t\t<div class=\"text\">\r\n        \t\t  <div class=\"meta-cat keb-titre-h6\">#Positive<\/div>\r\n        \t\t<h3 class=\"title keb-titre-h4\"><span class=\"surligne\">Sprawi\u0107, aby nasze mieszkania by\u0142y pozytywnymi&nbsp;miejscami do \u017cycia<\/span><\/h3>\r\n\t\t<div class=\"adeo-bt bt-blanc\">Przeczytaj artyku\u0142<\/div>\r\n\t\t\r\n\t<\/div>\r\n<\/a>\r\n            <a class=\"ksc-block-post \" href=\"https:\/\/www.adeo.com\/pl\/poznaj\/nasze-dna-dzielenie-sie\/\">\r\n\t<div class=\"alpha\"><\/div>\r\n\t\t<div class=\"visu\" style=\"background-image:url('https:\/\/www.adeo.com\/wp-content\/uploads\/2022\/10\/dossier_cover_le_partage_au_coeur_de_notre_culture-1024x576.jpg')\"><\/div>\r\n\t\t<div class=\"text\">\r\n        \t\t  <div class=\"meta-cat keb-titre-h6\">#Culture<\/div>\r\n        \t\t<h3 class=\"title keb-titre-h4\"><span class=\"surligne\">Nasze DNA: dzielenie&nbsp;si\u0119<\/span><\/h3>\r\n\t\t<div class=\"adeo-bt bt-blanc\">Przeczytaj artyku\u0142<\/div>\r\n\t\t\r\n\t<\/div>\r\n<\/a>\r\n            <a class=\"ksc-block-post \" href=\"https:\/\/www.adeo.com\/pl\/poznaj\/oferowanie-produktow-o-pozytywnym-wplywie\/\">\r\n\t<div class=\"alpha\"><\/div>\r\n\t\t<div class=\"visu\" style=\"background-image:url('https:\/\/www.adeo.com\/wp-content\/uploads\/2022\/08\/dossier_cover_proposer_des_solutions_adaptees_a_tous_les_habitants_2.jpg')\"><\/div>\r\n\t\t<div class=\"text\">\r\n        \t\t  <div class=\"meta-cat keb-titre-h6\">#InhabitantsBrand<\/div>\r\n        \t\t<h3 class=\"title keb-titre-h4\"><span class=\"surligne\">Oferuj&nbsp;produkty o&nbsp;pozytywnym wp\u0142ywie<\/span><\/h3>\r\n\t\t<div class=\"adeo-bt bt-blanc\">Przeczytaj artyku\u0142<\/div>\r\n\t\t\r\n\t<\/div>\r\n<\/a>\r\n            <a class=\"ksc-block-post \" href=\"https:\/\/www.adeo.com\/pl\/poznaj\/platforma-adeo-unikalny-model\/\">\r\n\t<div class=\"alpha\"><\/div>\r\n\t\t<div class=\"visu\" style=\"background-image:url('https:\/\/www.adeo.com\/wp-content\/uploads\/2022\/09\/dossier_cover_notre_modele_d_affaires-1024x576.jpg')\"><\/div>\r\n\t\t<div class=\"text\">\r\n        \t\t  <div class=\"meta-cat keb-titre-h6\">#HumanFirst<\/div>\r\n        \t\t<h3 class=\"title keb-titre-h4\"><span class=\"surligne\">Platforma ADEO,&nbsp;unikalny model<\/span><\/h3>\r\n\t\t<div class=\"adeo-bt bt-blanc\">Przeczytaj artyku\u0142<\/div>\r\n\t\t\r\n\t<\/div>\r\n<\/a>\r\n            <a class=\"ksc-block-post \" href=\"https:\/\/www.adeo.com\/pl\/poznaj\/115-000-liderow-pozytywnej-przyszlosci\/\">\r\n\t<div class=\"alpha\"><\/div>\r\n\t\t<div class=\"visu\" style=\"background-image:url('https:\/\/www.adeo.com\/wp-content\/uploads\/2022\/09\/dossier_cover_150000_leaders_1_leadership-1024x576.jpg')\"><\/div>\r\n\t\t<div class=\"text\">\r\n        \t\t  <div class=\"meta-cat keb-titre-h6\">#Leadership<\/div>\r\n        \t\t<h3 class=\"title keb-titre-h4\"><span class=\"surligne\">115 000 lider\u00f3w pozytywnej przysz\u0142o\u015bci  <\/span><\/h3>\r\n\t\t<div class=\"adeo-bt bt-blanc\">Przeczytaj artyku\u0142<\/div>\r\n\t\t\r\n\t<\/div>\r\n<\/a>\r\n            <a class=\"ksc-block-post \" href=\"https:\/\/www.adeo.com\/pl\/poznaj\/bezpieczenstwo-przede-wszystkim\/\">\r\n\t<div class=\"alpha\"><\/div>\r\n\t\t<div class=\"visu\" style=\"background-image:url('https:\/\/www.adeo.com\/wp-content\/uploads\/2022\/09\/dossier_cover_safety_first_la_securite_avant_tout-1024x576.jpg')\"><\/div>\r\n\t\t<div class=\"text\">\r\n        \t\t  <div class=\"meta-cat keb-titre-h6\">#SafetyFirst<\/div>\r\n        \t\t<h3 class=\"title keb-titre-h4\"><span class=\"surligne\">Bezpiecze\u0144stwo przede&nbsp;wszystkim<\/span><\/h3>\r\n\t\t<div class=\"adeo-bt bt-blanc\">Przeczytaj artyku\u0142<\/div>\r\n\t\t\r\n\t<\/div>\r\n<\/a>\r\n            <a class=\"ksc-block-post \" href=\"https:\/\/www.adeo.com\/pl\/poznaj\/dla-pozytywnego-wplywu-na-ludzi-i-srodowisko\/\">\r\n\t<div class=\"alpha\"><\/div>\r\n\t\t<div class=\"visu\" style=\"background-image:url('https:\/\/www.adeo.com\/wp-content\/uploads\/2022\/08\/dossier_cover-impacts_positifs-1024x576.jpg')\"><\/div>\r\n\t\t<div class=\"text\">\r\n        \t\t  <div class=\"meta-cat keb-titre-h6\">#Positive<\/div>\r\n        \t\t<h3 class=\"title keb-titre-h4\"><span class=\"surligne\">Dla pozytywnego wp\u0142ywu na cz\u0142owieka&nbsp;i \u015brodowisko<\/span><\/h3>\r\n\t\t<div class=\"adeo-bt bt-blanc\">Przeczytaj artyku\u0142<\/div>\r\n\t\t\r\n\t<\/div>\r\n<\/a>\r\n\t\t<\/div>\r\n\t<\/div>\r\n<\/div>\r\n[vc_empty_space height=&#8221;40px&#8221;]<div class=\"adeo-section fullwidth\">\r\n\t<div class=\"ksc-lame-pushpage\" style=\"background-image:url('https:\/\/www.adeo.com\/wp-content\/uploads\/2022\/09\/bloc_push_medias.jpg');\">\t\t\r\n\t\t<div class=\"wrap-pushpage wrap-resp texte-blanc\">\r\n            <h2 class=\"title_push\"><span class=\"txt_surligne\">Dla prasy<\/span><\/h2>\r\n\t\t\t<p class=\"desc_push\"><span data-sheets-value=\"{&quot;1&quot;:2,&quot;2&quot;:&quot;B\u0105d\u017a na bie\u017c\u0105co i czytaj nasze publikacje&quot;}\" data-sheets-userformat=\"{&quot;2&quot;:6529,&quot;3&quot;:{&quot;1&quot;:0,&quot;3&quot;:1},&quot;10&quot;:0,&quot;11&quot;:4,&quot;14&quot;:{&quot;1&quot;:2,&quot;2&quot;:16711680},&quot;15&quot;:&quot;Arial&quot;}\">B\u0105d\u017a na bie\u017c\u0105co i czytaj nasze publikacje<\/span><\/p>\r\n\t\t\t<a class=\"adeo-bt bt_push\"  href=\"https:\/\/www.adeo.com\/pl\/dla-prasy\/\"   title=\"Dla prasy\"  >Przejd\u017a do sekcji dla prasy<\/a>\r\n\t\t<\/div>\r\n\t<\/div>\r\n<\/div>\r\n<!-- Sticky -->\r\n<div class=\"faq-sticky-jump\" onclick=\"TOOLS_smoothScrollTo('.ksc-lame-faq',200);\" >\t\r\n\t<div class=\"content-roll keb-titre-h6\">Potrzebujesz pomocy?<\/div>\r\n\t<div class=\"wrap-content\"><\/div>\r\n<\/div>\r\n<div class=\"adeo-section fullwidth bg-darkblue padded\">\r\n\t<div class=\"ksc-lame-faq\">\t\t\r\n\t\t<div class=\"wrap-resp\">\r\n\t\t\t<div class=\"zone-title\">\r\n\t\t\t\t<h2 class=\"faq-title keb-titre-h1 title-with-underscore\"><span class=\"keb-headings keb-titre-h1\">Potrzebujesz pomocy?<\/span><\/h2>\r\n\t\t\t\t<div class=\"zone-search\">\r\n\t<form role=\"search\" method=\"get\" class=\"search-form-mini\" action=\"https:\/\/www.adeo.com\/pl\/\">\r\n\t\t<label>\r\n\t\t\t<span class=\"screen-reader-text\">Wyszukiwanie...<\/span>\r\n\t\t\t<input type=\"search\" class=\"search-field\" placeholder=\"Wyszukiwanie...\" value=\"\" name=\"s\">\r\n\t\t<\/label>\r\n\t\t<input type=\"submit\" class=\"search-submit\" value=\"Rechercher\">\r\n\t<\/form>\r\n<\/div>\r\n\t\t\t<\/div>\r\n\t\t\t<div class=\"wrap-listefaq\">\r\n\t\t\t\t\t\t<a href=\"https:\/\/www.adeo.com\/espace-presse\/\" style=\"color:#FFFFFF; background-color:#0DCC82;\" class=\"faq-item\" >Chc\u0119 mie\u0107 dost\u0119p do sekcji dla prasy<\/a>\r\n\t\t\t\t\t\t<a href=\"https:\/\/www.adeo.com\/dossier\/le-partage-au-coeur-de-notre-culture\/\" style=\"color:#000000; background-color:#F2CC26;\" class=\"faq-item\" >Poznaj nasze zobowi\u0105zania Human First<\/a>\r\n\t\t\t\t\t\t<a href=\"https:\/\/www.adeo.com\/dossier\/rendre-accessibles-nos-solutions-pour-un-habitat-positif\/\" style=\"color:#FFFFFF; background-color:#615E9C;\" class=\"faq-item\" >Zrozum nasz\u0105 strategi\u0119<\/a>\r\n\t\t\t\t\t\t<a href=\"https:\/\/www.adeo.com\/dossier\/faire-de-nos-habitats-des-lieux-de-vie-positifs\/\" style=\"color:#FFFFFF; background-color:#F0593B;\" class=\"faq-item\" >Poznaj nasze dzia\u0142ania na rzecz mieszkalnictwa<\/a>\r\n\t\t\t\t\t\t<a href=\"https:\/\/www.adeo.com\/engagements-ethiques\/\" style=\"color:#FFFFFF; background-color:#3F5A6C;\" class=\"faq-item\" >Zobowi\u0105zania etyczne ADEO<\/a>\r\n\t\t\t\t\t\t<a href=\"https:\/\/www.adeo.com\/dossier\/proposer-des-produits-a-impact-positifs\/\" style=\"color:#FFFFFF; background-color:#00ACD6;\" class=\"faq-item\" >Zrozum, jak ADEO projektuje swoje produkty<\/a>\r\n\t\t\t\t\t\t<a href=\"https:\/\/www.adeo.com\/dossier\/notre-adn-le-partage\/\" style=\"color:#000000; background-color:#85D353;\" class=\"faq-item\" >Poznaj nasz\u0105 kultur\u0119 dzielenia si\u0119<\/a>\r\n\t\t\t\t\t\t<a href=\"https:\/\/www.adeo.com\/dossier\/115-000-leaders-dun-avenir-positif\/\" style=\"color:#FFFFFF; background-color:#F78C23;\" class=\"faq-item\" >Chc\u0119 zrozumie\u0107, co to znaczy by\u0107 liderem ADEO<\/a>\r\n\t\t\t\t\t\t<a href=\"https:\/\/www.adeo.com\/dossier\/la-securite-avant-tout\/\" style=\"color:#FFFFFF; background-color:#0DCC82;\" class=\"faq-item\" >Poznaj dzia\u0142ania Safety First<\/a>\r\n\t\t\t\t\t\t<a href=\"https:\/\/www.adeo.com\/dossier\/adeo-un-ecosysteme-dentreprises-unique\/\" style=\"color:#000000; background-color:#F2CC26;\" class=\"faq-item\" >Poznaj model ADEO<\/a>\r\n\t\t\t\t\t\t<a href=\"https:\/\/www.adeo.com\/dossier\/pour-des-impacts-humains-et-environnementaux-positifs\/\" style=\"color:#FFFFFF; background-color:#615E9C;\" class=\"faq-item\" >Zrozum wp\u0142yw ADEO<\/a>\r\n\t\t\t\t\t\t<a href=\"https:\/\/www.adeo.com\/adeo-dans-le-monde\/\" style=\"color:#FFFFFF; background-color:#F0593B;\" class=\"faq-item\" >Odkryj przedsi\u0119biorstwa ADEO<\/a>\r\n\t\t\t\t\t\t<a href=\"https:\/\/www.adeo.com\/adeo-plateforme-dentreprises-ouvertes-et-connectee\/#brands\" style=\"color:#FFFFFF; background-color:#3F5A6C;\" class=\"faq-item\" >Dowiedz si\u0119 wi\u0119cej o ADEO<\/a>\r\n\t\t\t\t\t\t<a href=\"https:\/\/www.adeo.com\/adeo-plateforme-dentreprises-ouvertes-et-connectee\/#timeline\" style=\"color:#FFFFFF; background-color:#00ACD6;\" class=\"faq-item\" >Poznaj histori\u0119 ADEO<\/a>\r\n\t\t\t\t\t\t<a href=\"https:\/\/www.adeo.com\/agir-ensemble\/\" style=\"color:#000000; background-color:#85D353;\" class=\"faq-item\" >Przeczytaj najnowsze wiadomo\u015bci<\/a>\r\n\t\t\t\t\t\t<a href=\"https:\/\/www.adeo.com\/adeo-dans-le-monde\/\" style=\"color:#FFFFFF; background-color:#F78C23;\" class=\"faq-item\" >\u0423\u0437\u043d\u0430\u0442\u044c \u0431\u043e\u043b\u044c\u0448\u0435 \u043e \u0431\u0440\u0435\u043d\u0434\u0430\u0445 ADEO<\/a>\r\n\t\t\t\t\r\n\t\t\t<\/div>\r\n            <div class=\"bt-more-faq\">\r\n                <svg width=\"180\" height=\"180\" viewBox=\"0 0 180 180\" fill=\"none\" xmlns=\"http:\/\/www.w3.org\/2000\/svg\" class=\"picto-svg-next\">\r\n                    <circle cx=\"90\" cy=\"90\" r=\"60\" class=\"omb\" \/>\r\n                    <rect x=\"79.3223\" y=\"86.7868\" width=\"25\" height=\"5\" transform=\"rotate(45 79.3223 86.7868)\" fill=\"#F2F2ED\" \/>\r\n                    <rect width=\"25\" height=\"5\" transform=\"matrix(-0.707107 0.707107 0.707107 0.707107 93.3271 72.3215)\" fill=\"#F2F2ED\" \/>\r\n                <\/svg>\r\n            <\/div>\r\n\t\t<\/div>\r\n\t<\/div>\r\n<\/div>\r\n[\/vc_column][\/vc_row][vc_row el_id=&#8221;brands&#8221;][vc_column]<div class=\"adeo-section fullwidth padded bg-darkblue \" >\r\n\t<div id=\"_swiper3\" class=\"ksc-swiperjs-container  \" >\r\n\r\n\t\t<div class=\"ksc-swiperjs-content swiperjs_wrap_3 wrap-resp\">\r\n\t\t\t\r\n\t\t\t<div class=\"swiper-header\">\r\n\t\t\t\t\t\t\t\t<h2 class=\"keb-titre-h1 title-with-underscore\" >Marki ADEO<\/h2>\r\n\t\t\t\t\t\t\t\t\t\t\t<\/div>\r\n\r\n\t\t\t<div class=\"swiper-wrapper\">\r\n\t\t\t\t\r\n<div class=\"ksc-block-brand \">\r\n\t<div class=\"visutop\" style=\"background-image:url('https:\/\/www.adeo.com\/wp-content\/uploads\/2022\/09\/brand_leroy_merlin.jpg')\" role=\"banner\">\r\n\t\t<div class=\"brand-logo\" style=\"background-image:url('https:\/\/www.adeo.com\/wp-content\/uploads\/2022\/08\/LOGO-brand-leroymerlin.png')\" role=\"banner\"><\/div>\r\n\t<\/div>\r\n\t<div class=\"contenu\">\r\n\t\t<h3 class=\"keb-headings keb-titre-h3\">Leroy&nbsp;Merlin<\/h3>\r\n\t\t<p>Z Leroy Merlin pomagamy ludziom na ca\u0142ym \u015bwiecie w ich projektach poprawy warunk\u00f3w mieszkaniowych, niezale\u017cnie od tego, czy jest to remont, rozbudowa, dekoracja, naprawa&#8230; Oferujemy szeroki zakres rozwi\u0105za\u0144 obejmuj\u0105cych hydraulik\u0119, o\u015bwietlenie, ogrzewanie, elektryk\u0119, urz\u0105dzenia sanitarne, bezpiecze\u0144stwo, gotowanie, ogrodnictwo i wiele innych.<\/p>\n\t<\/div>\r\n\t\t\r\n\t\r\n\t\r\n<\/div>\r\n\r\n<div class=\"ksc-block-brand \">\r\n\t<div class=\"visutop\" style=\"background-image:url('https:\/\/www.adeo.com\/wp-content\/uploads\/2022\/08\/M-la-marque-pro-2-1024x576.jpg')\" role=\"banner\">\r\n\t\t<div class=\"brand-logo\" style=\"background-image:url('https:\/\/www.adeo.com\/wp-content\/uploads\/2022\/08\/LOGO-brand-bricoman.png')\" role=\"banner\"><\/div>\r\n\t<\/div>\r\n\t<div class=\"contenu\">\r\n\t\t<h3 class=\"keb-headings keb-titre-h3\">M : MARKA PRO<\/h3>\r\n\t\t<p>Z Bricoman, Obramat, Obramax i Tecnomat oferujemy materia\u0142y budowlane, sprz\u0119t, profesjonalne narz\u0119dzia, us\u0142ugi i doradztwo, aby pom\u00f3c profesjonalistom w realizacji projekt\u00f3w mieszkaniowych dla ich klient\u00f3w.<\/p>\n\t<\/div>\r\n\t\t\r\n\t\r\n\t\r\n<\/div>\r\n\r\n<div class=\"ksc-block-brand \">\r\n\t<div class=\"visutop\" style=\"background-image:url('https:\/\/www.adeo.com\/wp-content\/uploads\/2022\/09\/brand_weldom.jpg')\" role=\"banner\">\r\n\t\t<div class=\"brand-logo\" style=\"background-image:url('https:\/\/www.adeo.com\/wp-content\/uploads\/2022\/08\/LOGO-brand-weldom.png')\" role=\"banner\"><\/div>\r\n\t<\/div>\r\n\t<div class=\"contenu\">\r\n\t\t<h3 class=\"keb-headings keb-titre-h3\">Weldom<\/h3>\r\n\t\t<p>Z Weldom i naszej pot\u0119\u017cnej sieci lokalnych sklep\u00f3w we Francji, zobowi\u0105zujemy si\u0119 do zapewnienia rozwi\u0105zania ka\u017cdej potrzeby zwi\u0105zanej z majsterkowaniem &#8211; poniewa\u017c wymiana nigdy nie b\u0119dzie tak ekonomiczna i przyjazna dla \u015brodowiska, jak naprawa, konserwacja i ulepszanie.<\/p>\n\t<\/div>\r\n\t\t\r\n\t\r\n\t\r\n<\/div>\r\n\r\n<div class=\"ksc-block-brand \">\r\n\t<div class=\"visutop\" style=\"background-image:url('https:\/\/www.adeo.com\/wp-content\/uploads\/2023\/08\/cover_saint_maclou-1024x576.jpg')\" role=\"banner\">\r\n\t\t<div class=\"brand-logo\" style=\"background-image:url('https:\/\/www.adeo.com\/wp-content\/uploads\/2023\/08\/Logo_saint_maclou.png')\" role=\"banner\"><\/div>\r\n\t<\/div>\r\n\t<div class=\"contenu\">\r\n\t\t<h3 class=\"keb-headings keb-titre-h3\">Saint Maclou<\/h3>\r\n\t\t<p>Dzi\u0119ki Saint Maclou, naszej marce specjalizuj\u0105cej si\u0119 w dystrybucji i monta\u017cu wyk\u0142adzin pod\u0142ogowych we Francji, pomagamy mieszka\u0144com w wyborze i realizacji ich projekt\u00f3w poprzez dedykowan\u0105 ofert\u0119 oraz sie\u0107 rzemie\u015blnik\u00f3w &#8211; monter\u00f3w.<\/p>\n\t<\/div>\r\n\t\t\r\n\t\r\n\t\r\n<\/div>\r\n\r\n<div class=\"ksc-block-brand \">\r\n\t<div class=\"visutop\" style=\"background-image:url('https:\/\/www.adeo.com\/wp-content\/uploads\/2022\/09\/brand_bricocenter.jpg')\" role=\"banner\">\r\n\t\t<div class=\"brand-logo\" style=\"background-image:url('https:\/\/www.adeo.com\/wp-content\/uploads\/2022\/08\/LOGO-brand-bricocenter.png')\" role=\"banner\"><\/div>\r\n\t<\/div>\r\n\t<div class=\"contenu\">\r\n\t\t<h3 class=\"keb-headings keb-titre-h3\">Bricocenter<\/h3>\r\n\t\t<p>Z Bricocenter u\u0142atwiamy wszystkim majsterkowanie, oferuj\u0105c wszystkie niezb\u0119dne produkty w naszych lokalnych punktach sprzeda\u017cy, prowadzonych przez zespo\u0142y z lokaln\u0105 wiedz\u0105 i du\u017cym do\u015bwiadczeniem technicznym. Dla mieszka\u0144c\u00f3w W\u0142och nasze lokalne sklepy oznaczaj\u0105 oszcz\u0119dno\u015b\u0107 czasu, \u0142atwo\u015b\u0107 zakup\u00f3w i jako\u015b\u0107 obs\u0142ugi.<\/p>\n\t<\/div>\r\n\t\t\r\n\t\r\n\t\r\n<\/div>\r\n\r\n<div class=\"ksc-block-brand \">\r\n\t<div class=\"visutop\" style=\"background-image:url('https:\/\/www.adeo.com\/wp-content\/uploads\/2022\/09\/brand_kbane.jpg')\" role=\"banner\">\r\n\t\t<div class=\"brand-logo\" style=\"background-image:url('https:\/\/www.adeo.com\/wp-content\/uploads\/2022\/08\/LOGO-brand-kbane.png')\" role=\"banner\"><\/div>\r\n\t<\/div>\r\n\t<div class=\"contenu\">\r\n\t\t<h3 class=\"keb-headings keb-titre-h3\">Kbane<\/h3>\r\n\t\t<p>Z Kbane oferujemy zr\u00f3wnowa\u017cone i wydajne rozwi\u0105zania, aby zoptymalizowa\u0107 Tw\u00f3j komfort przy jednoczesnej oszcz\u0119dno\u015bci energii. Ludzko\u015b\u0107 do\u015bwiadcza powa\u017cnych zak\u0142\u00f3ce\u0144 ekologicznych wraz z rosn\u0105cym niedoborem naszych zasob\u00f3w. Mieszkalnictwo jest g\u0142\u00f3wnym konsumentem energii. Ogrzewanie staje si\u0119 coraz dro\u017csze. Ma to du\u017cy wp\u0142yw na si\u0142\u0119 nabywcz\u0105 mieszka\u0144c\u00f3w. Poprawa efektywno\u015bci energetycznej budynk\u00f3w jest prawdziwym wyzwaniem naszych czas\u00f3w.<\/p>\n\t<\/div>\r\n\t\t\r\n\t\r\n\t\r\n<\/div>\r\n\r\n<div class=\"ksc-block-brand \">\r\n\t<div class=\"visutop\" style=\"background-image:url('https:\/\/www.adeo.com\/wp-content\/uploads\/2022\/09\/brand_naterial.jpg')\" role=\"banner\">\r\n\t\t<div class=\"brand-logo\" style=\"background-image:url('https:\/\/www.adeo.com\/wp-content\/uploads\/2023\/10\/LOGO-MDH_Naterial.png')\" role=\"banner\"><\/div>\r\n\t<\/div>\r\n\t<div class=\"contenu\">\r\n\t\t<h3 class=\"keb-headings keb-titre-h3\">Naterial<\/h3>\r\n\t\t<p>Z Naterial, mark\u0105 wolnego czasu na zewn\u0105trz, mo\u017cna tworzy\u0107, organizowa\u0107, dekorowa\u0107 i wykorzystywa\u0107 wszystkie przestrzenie zewn\u0119trzne (ogrody, patia, dziedzi\u0144ce, balkony itp.).<\/p>\n\t<\/div>\r\n\t\t\r\n\t\r\n\t\r\n<\/div>\r\n\r\n<div class=\"ksc-block-brand \">\r\n\t<div class=\"visutop\" style=\"background-image:url('https:\/\/www.adeo.com\/wp-content\/uploads\/2023\/10\/cover_isoxa.jpg')\" role=\"banner\">\r\n\t\t<div class=\"brand-logo\" style=\"background-image:url('https:\/\/www.adeo.com\/wp-content\/uploads\/2023\/10\/LOGO-MDH_Isoxa.png')\" role=\"banner\"><\/div>\r\n\t<\/div>\r\n\t<div class=\"contenu\">\r\n\t\t<h3 class=\"keb-headings keb-titre-h3\">Isoxa<\/h3>\r\n\t\t<p>Marka specjalizuj\u0105ca si\u0119 w otwieraniu i zamykaniu zewn\u0119trznych drzwi i okien, zapewniaj\u0105cych lepsz\u0105 ochron\u0119 termiczn\u0105 i akustyczn\u0105 przy jednoczesnym poczuciu bezpiecze\u0144stwa w domu.<\/p>\n\t<\/div>\r\n\t\t\r\n\t\r\n\t\r\n<\/div>\r\n\r\n<div class=\"ksc-block-brand \">\r\n\t<div class=\"visutop\" style=\"background-image:url('https:\/\/www.adeo.com\/wp-content\/uploads\/2022\/09\/brand_artens.jpg')\" role=\"banner\">\r\n\t\t<div class=\"brand-logo\" style=\"background-image:url('https:\/\/www.adeo.com\/wp-content\/uploads\/2022\/09\/LOGO-MDH_Artens.png')\" role=\"banner\"><\/div>\r\n\t<\/div>\r\n\t<div class=\"contenu\">\r\n\t\t<h3 class=\"keb-headings keb-titre-h3\">Artens<\/h3>\r\n\t\t<p>Z Artens, mark\u0105 produkt\u00f3w zapewniaj\u0105cych pokrycie pod\u0142\u00f3g i \u015bcian oraz rozwi\u0105zania dla wszystkich otwor\u00f3w: drzwi i okien, mo\u017cna by\u0107 pewnym zar\u00f3wno dekoracyjnego, jak i trwa\u0142ego rezultatu.<\/p>\n\t<\/div>\r\n\t\t\r\n\t\r\n\t\r\n<\/div>\r\n\r\n<div class=\"ksc-block-brand \">\r\n\t<div class=\"visutop\" style=\"background-image:url('https:\/\/www.adeo.com\/wp-content\/uploads\/2022\/09\/brand_dexter.jpg')\" role=\"banner\">\r\n\t\t<div class=\"brand-logo\" style=\"background-image:url('https:\/\/www.adeo.com\/wp-content\/uploads\/2022\/09\/LOGO-MDH_Dexter.png')\" role=\"banner\"><\/div>\r\n\t<\/div>\r\n\t<div class=\"contenu\">\r\n\t\t<h3 class=\"keb-headings keb-titre-h3\">Dexter<\/h3>\r\n\t\t<p>Z Dexter, mark\u0105 narz\u0119dzi do wszelkich prac wok\u00f3\u0142 domu, mo\u017cesz wykonywa\u0107 swoj\u0105 prac\u0119 z maksymaln\u0105 wygod\u0105, \u0142atwo\u015bci\u0105 i bezpiecze\u0144stwem.<\/p>\n\t<\/div>\r\n\t\t\r\n\t\r\n\t\r\n<\/div>\r\n\r\n<div class=\"ksc-block-brand \">\r\n\t<div class=\"visutop\" style=\"background-image:url('https:\/\/www.adeo.com\/wp-content\/uploads\/2022\/09\/brand_luxens.jpg')\" role=\"banner\">\r\n\t\t<div class=\"brand-logo\" style=\"background-image:url('https:\/\/www.adeo.com\/wp-content\/uploads\/2022\/09\/LOGO-MDH_Luxens.png')\" role=\"banner\"><\/div>\r\n\t<\/div>\r\n\t<div class=\"contenu\">\r\n\t\t<h3 class=\"keb-headings keb-titre-h3\">Luxens<\/h3>\r\n\t\t<p>Z Luxens, mark\u0105 produkt\u00f3w do malowania, dekoracji, bejc i lakier\u00f3w, konserwuj, upi\u0119kszaj i dekoruj pomieszczenia i architektur\u0119 zewn\u0119trzn\u0105.<\/p>\n\t<\/div>\r\n\t\t\r\n\t\r\n\t\r\n<\/div>\r\n\r\n<div class=\"ksc-block-brand \">\r\n\t<div class=\"visutop\" style=\"background-image:url('https:\/\/www.adeo.com\/wp-content\/uploads\/2022\/09\/brand_delinia.jpg')\" role=\"banner\">\r\n\t\t<div class=\"brand-logo\" style=\"background-image:url('https:\/\/www.adeo.com\/wp-content\/uploads\/2022\/09\/LOGO-MDH_Delinia.png')\" role=\"banner\"><\/div>\r\n\t<\/div>\r\n\t<div class=\"contenu\">\r\n\t\t<h3 class=\"keb-headings keb-titre-h3\">Delinia<\/h3>\r\n\t\t<p>Z Delinia, mark\u0105 wyposa\u017cenia kuchni, kt\u00f3ra dostosowuje si\u0119 do Twoich gust\u00f3w i potrzeb, mo\u017cesz zaprojektowa\u0107 swoj\u0105 kuchni\u0119 tak, jak chcesz.<\/p>\n\t<\/div>\r\n\t\t\r\n\t\r\n\t\r\n<\/div>\r\n\r\n<div class=\"ksc-block-brand \">\r\n\t<div class=\"visutop\" style=\"background-image:url('https:\/\/www.adeo.com\/wp-content\/uploads\/2022\/09\/brand_equation.jpg')\" role=\"banner\">\r\n\t\t<div class=\"brand-logo\" style=\"background-image:url('https:\/\/www.adeo.com\/wp-content\/uploads\/2022\/09\/LOGO-MDH_Equation.png')\" role=\"banner\"><\/div>\r\n\t<\/div>\r\n\t<div class=\"contenu\">\r\n\t\t<h3 class=\"keb-headings keb-titre-h3\">Equation<\/h3>\r\n\t\t<p>Z Equation, zaufanej marce urz\u0105dze\u0144 do ogrzewania i ch\u0142odzenia, uzdatniania powietrza i uzdatniania wody, mo\u017cesz mie\u0107 wygodny, zdrowy i bezpieczny dom oraz oszcz\u0119dza\u0107 energi\u0119.<\/p>\n\t<\/div>\r\n\t\t\r\n\t\r\n\t\r\n<\/div>\r\n\r\n<div class=\"ksc-block-brand \">\r\n\t<div class=\"visutop\" style=\"background-image:url('https:\/\/www.adeo.com\/wp-content\/uploads\/2022\/09\/brand_sensea.jpg')\" role=\"banner\">\r\n\t\t<div class=\"brand-logo\" style=\"background-image:url('https:\/\/www.adeo.com\/wp-content\/uploads\/2023\/10\/LOGO-MDH_Sensea.png')\" role=\"banner\"><\/div>\r\n\t<\/div>\r\n\t<div class=\"contenu\">\r\n\t\t<h3 class=\"keb-headings keb-titre-h3\">Sensea<\/h3>\r\n\t\t<p>Z Sensea, mark\u0105 zajmuj\u0105cej si\u0119 wyposa\u017ceniem \u0142azienek i toalet, mo\u017cesz cieszy\u0107 si\u0119 swoj\u0105 przestrzeni\u0105 w spos\u00f3b, kt\u00f3ry najbardziej Ci odpowiada.<\/p>\n\t<\/div>\r\n\t\t\r\n\t\r\n\t\r\n<\/div>\r\n\r\n<div class=\"ksc-block-brand \">\r\n\t<div class=\"visutop\" style=\"background-image:url('https:\/\/www.adeo.com\/wp-content\/uploads\/2022\/09\/brand_lexman.jpg')\" role=\"banner\">\r\n\t\t<div class=\"brand-logo\" style=\"background-image:url('https:\/\/www.adeo.com\/wp-content\/uploads\/2022\/09\/LOGO-MDH_Lexman.png')\" role=\"banner\"><\/div>\r\n\t<\/div>\r\n\t<div class=\"contenu\">\r\n\t\t<h3 class=\"keb-headings keb-titre-h3\">Lexman<\/h3>\r\n\t\t<p>Z Lexman, mark\u0105 zajmuj\u0105cej si\u0119 elektryk\u0105, zasilaniem i sterowaniem, mo\u017cesz cieszy\u0107 si\u0119 bezpiecznym, niezawodnym i wydajnym systemem w swoim mieszkaniu.<\/p>\n\t<\/div>\r\n\t\t\r\n\t\r\n\t\r\n<\/div>\r\n\r\n<div class=\"ksc-block-brand \">\r\n\t<div class=\"visutop\" style=\"background-image:url('https:\/\/www.adeo.com\/wp-content\/uploads\/2022\/09\/brand_sterwins.jpg')\" role=\"banner\">\r\n\t\t<div class=\"brand-logo\" style=\"background-image:url('https:\/\/www.adeo.com\/wp-content\/uploads\/2022\/09\/LOGO-MDH_Sterwins.png')\" role=\"banner\"><\/div>\r\n\t<\/div>\r\n\t<div class=\"contenu\">\r\n\t\t<h3 class=\"keb-headings keb-titre-h3\">Sterwins<\/h3>\r\n\t\t<p><span data-sheets-value=\"{&quot;1&quot;:2,&quot;2&quot;:&quot;Ze Sterwins, mark\u0105 ergonomicznych i niezawodnych elektronarz\u0119dzi, mo\u017cna w prosty i efektywny spos\u00f3b piel\u0119gnowa\u0107 swoje ogrody.&quot;}\" data-sheets-userformat=\"{&quot;2&quot;:6529,&quot;3&quot;:{&quot;1&quot;:0,&quot;3&quot;:1},&quot;10&quot;:0,&quot;11&quot;:4,&quot;14&quot;:{&quot;1&quot;:2,&quot;2&quot;:16711680},&quot;15&quot;:&quot;Arial&quot;}\">Ze Sterwins, mark\u0105 ergonomicznych i niezawodnych elektronarz\u0119dzi, mo\u017cna w prosty i efektywny spos\u00f3b piel\u0119gnowa\u0107 swoje ogrody.<\/span><\/p>\n\t<\/div>\r\n\t\t\r\n\t\r\n\t\r\n<\/div>\r\n\r\n<div class=\"ksc-block-brand \">\r\n\t<div class=\"visutop\" style=\"background-image:url('https:\/\/www.adeo.com\/wp-content\/uploads\/2022\/09\/brand_spaceo.jpg')\" role=\"banner\">\r\n\t\t<div class=\"brand-logo\" style=\"background-image:url('https:\/\/www.adeo.com\/wp-content\/uploads\/2023\/10\/LOGO-MDH_Spaceo.png')\" role=\"banner\"><\/div>\r\n\t<\/div>\r\n\t<div class=\"contenu\">\r\n\t\t<h3 class=\"keb-headings keb-titre-h3\">Spaceo<\/h3>\r\n\t\t<p>Ze Spaceo, mark\u0105 rozwi\u0105za\u0144 do przechowywania, zainspiruj si\u0119 i znajd\u017a praktyczne i estetyczne pomys\u0142y i rozwi\u0105zania do przechowywania wszystkiego w swoim mieszkaniu.<\/p>\n\t<\/div>\r\n\t\t\r\n\t\r\n\t\r\n<\/div>\r\n\r\n<div class=\"ksc-block-brand \">\r\n\t<div class=\"visutop\" style=\"background-image:url('https:\/\/www.adeo.com\/wp-content\/uploads\/2022\/09\/brand_standers.jpg')\" role=\"banner\">\r\n\t\t<div class=\"brand-logo\" style=\"background-image:url('https:\/\/www.adeo.com\/wp-content\/uploads\/2022\/09\/LOGO-MDH_Standers.png')\" role=\"banner\"><\/div>\r\n\t<\/div>\r\n\t<div class=\"contenu\">\r\n\t\t<h3 class=\"keb-headings keb-titre-h3\">Standers<\/h3>\r\n\t\t<p>Ze Standers, mark\u0105 oku\u0107, znajd\u017a praktyczne rozwi\u0105zania, kt\u00f3re mo\u017cesz wykorzysta\u0107 w swoim mieszkaniu.<\/p>\n\t<\/div>\r\n\t\t\r\n\t\r\n\t\r\n<\/div>\r\n\r\n<div class=\"ksc-block-brand \">\r\n\t<div class=\"visutop\" style=\"background-image:url('https:\/\/www.adeo.com\/wp-content\/uploads\/2022\/09\/brand_axton.jpg')\" role=\"banner\">\r\n\t\t<div class=\"brand-logo\" style=\"background-image:url('https:\/\/www.adeo.com\/wp-content\/uploads\/2022\/09\/LOGO-MDH_Axton.png')\" role=\"banner\"><\/div>\r\n\t<\/div>\r\n\t<div class=\"contenu\">\r\n\t\t<h3 class=\"keb-headings keb-titre-h3\">Axton<\/h3>\r\n\t\t<p>Z Axton mo\u017cesz przeprowadzi\u0107 swoje prace zwi\u0105zane z majsterkowaniem. Dzi\u0119ki tym produktom mo\u017cna izolowa\u0107, uszczelnia\u0107, naprawia\u0107, klei\u0107, obrabia\u0107, chroni\u0107 i czy\u015bci\u0107.<\/p>\n\t<\/div>\r\n\t\t\r\n\t\r\n\t\r\n<\/div>\r\n\r\n<div class=\"ksc-block-brand \">\r\n\t<div class=\"visutop\" style=\"background-image:url('https:\/\/www.adeo.com\/wp-content\/uploads\/2022\/09\/brand_geolia.jpg')\" role=\"banner\">\r\n\t\t<div class=\"brand-logo\" style=\"background-image:url('https:\/\/www.adeo.com\/wp-content\/uploads\/2022\/09\/LOGO-MDH_Geolia.png')\" role=\"banner\"><\/div>\r\n\t<\/div>\r\n\t<div class=\"contenu\">\r\n\t\t<h3 class=\"keb-headings keb-titre-h3\">Geolia<\/h3>\r\n\t\t<p>Z Geolia, mark\u0105 sprz\u0119tu ogrodniczego, mo\u017cna \u0142atwo utrzyma\u0107 i piel\u0119gnowa\u0107 ro\u015bliny oraz uprawia\u0107 ogr\u00f3d, sezon po sezonie, w pe\u0142nym bezpiecze\u0144stwie i przy jednoczesnej ochronie przyrody.<\/p>\n\t<\/div>\r\n\t\t\r\n\t\r\n\t\r\n<\/div>\r\n\t\t\t<\/div>\r\n\r\n\t\t\t\r\n\t\t\t<div class=\"swiper-pagination\"><\/div>\r\n\r\n\t\t\t\t\t\t\r\n\t\t\t<div class=\"swiper-button-prev swiperbtprev-3\">\r\n\t\t\t\t\t<style>\r\n\t\t.omb {box-shadow: 0px 0px 30px rgba(0, 0, 0, 0.9);}\r\n\t<\/style>\r\n\t<svg width=\"180\" height=\"180\" viewBox=\"0 0 180 180\" fill=\"none\" xmlns=\"http:\/\/www.w3.org\/2000\/svg\" class=\"picto-svg-next\">\r\n\t<circle cx=\"90\" cy=\"90\" r=\"60\" class=\"omb\" \/>\r\n\t\t<rect x=\"79.3223\" y=\"86.7868\" width=\"25\" height=\"5\" transform=\"rotate(45 79.3223 86.7868)\" fill=\"#F2F2ED\" \/>\r\n\t<rect width=\"25\" height=\"5\" transform=\"matrix(-0.707107 0.707107 0.707107 0.707107 93.3271 72.3215)\" fill=\"#F2F2ED\" \/>\r\n\t\t<\/svg>\r\n\t\t\t\t<\/div>\r\n\t\t\t<div class=\"swiper-button-next swiperbtnext-3\">\r\n\t\t\t\t\t<style>\r\n\t\t.omb {box-shadow: 0px 0px 30px rgba(0, 0, 0, 0.9);}\r\n\t<\/style>\r\n\t<svg width=\"180\" height=\"180\" viewBox=\"0 0 180 180\" fill=\"none\" xmlns=\"http:\/\/www.w3.org\/2000\/svg\" class=\"picto-svg-next\">\r\n\t<circle cx=\"90\" cy=\"90\" r=\"60\" class=\"omb\" \/>\r\n\t\t<rect x=\"100.678\" y=\"93.2133\" width=\"25\" height=\"5\" transform=\"rotate(-135 100.678 93.2133)\" fill=\"#F2F2ED\" \/>\r\n\t<rect width=\"25\" height=\"5\" transform=\"matrix(0.707107 -0.707107 -0.707107 -0.707107 86.6733 107.678)\" fill=\"#F2F2ED\" \/>\r\n\t\t<\/svg>\r\n\t\t\t\t<\/div>\r\n\t\t\t            \t\t<\/div>\r\n\t<\/div>\r\n<\/div>\r\n\r\n[\/vc_column][\/vc_row][vc_row][vc_column]<div class=\"adeo-section fullwidth padded bg-none\">\r\n\t<div class=\"ksc-lame-datakeys wrap-resp\">\t\t\r\n\t\t<h2 class=\"keb-titre-h2 title-with-underscore\">Jeste\u015bmy \u015bwiatowym liderem w dziedzinie pozytywnego mieszkalnictwa\t\t<\/h2>\r\n        <a class=\"adeo-bt bt-datakey\"  href=\"https:\/\/www.adeo.com\/pl\/adeo-na-swiecie\/\"   title=\"ADEO na \u015bwiecie\"  >ADEO na \u015bwiecie<\/a>\r\n\r\n\t\t<div class=\"map-content\" ><div class=\"adeo-section fullwidth padded bg-none \" >\r\n\t<div id=\"_swiper4\" class=\"ksc-swiperjs-container  \" >\r\n\r\n\t\t<div class=\"ksc-swiperjs-content swiperjs_wrap_4\">\r\n\t\t\t\r\n\t\t\t<div class=\"swiper-header\">\r\n\t\t\t\t\t\t\t\t\t\t\t<\/div>\r\n\r\n\t\t\t<div class=\"swiper-wrapper\">\r\n\t\t\t\t<div class=\"datakey-content\"><span class=\"centered\"><p><span class=\"keb-headings keb-titre-h1\">7<\/span><br \/>\n<span class=\"keb-headings keb-titre-h4\">PLATFORM MARKETPLACE<\/span><br \/>\nkt\u00f3re pozwalaj\u0105 na szerszy zakres<br \/>\nwyboru produkt\u00f3w do poprawy warunk\u00f3w mieszkaniowych<\/p>\n<\/span><\/div>\r\n<div class=\"datakey-content\"><span class=\"centered\"><p><span class=\"keb-headings keb-titre-h1\">1 MILION<\/span><br \/>\n<span class=\"keb-headings keb-titre-h4\">PARTNER\u00d3W<\/span><br \/>\nz kt\u00f3rymi pracujemy, aby uczyni\u0107 mieszkalnictwo bardziej pozytywnym miejscem do \u017cycia<\/p>\n<\/span><\/div>\r\n<div class=\"datakey-content\"><span class=\"centered\"><p><span class=\"keb-headings keb-titre-h1\">6<\/span><br \/>\n<span class=\"keb-headings keb-titre-h4\">MAREK<\/span><br \/>\nna rzecz pozytywnego mieszkalnictwa,<br \/>\nstanowi\u0105c unikalny zesp\u00f3\u0142 na \u015bwiecie<\/p>\n<\/span><\/div>\r\n<div class=\"datakey-content\"><span class=\"centered\"><p><span class=\"keb-headings keb-titre-h1\">505<\/span><br \/>\n<span class=\"keb-headings keb-titre-h4\">MILION\u00d3W OBS\u0141U\u017bONYCH KLIENT\u00d3W<\/span><br \/>\nkt\u00f3rym towarzyszymy<br \/>\nw realizacji ich projekt\u00f3w mieszkaniowych<\/p>\n<\/span><\/div>\r\n<div class=\"datakey-content\"><span class=\"centered\"><p><span class=\"keb-headings keb-titre-h1\">110 000<\/span><br \/>\nLIDER\u00d3W PRZEDSI\u0118BIORC\u00d3W<br \/>\n<span data-sheets-value=\"{&quot;1&quot;:2,&quot;2&quot;:&quot;wolnych w dzia\u0142aniach, aby by\u0107 przydatni dla siebie, dla innych i dla \u015bwiata&quot;}\" data-sheets-userformat=\"{&quot;2&quot;:6529,&quot;3&quot;:{&quot;1&quot;:0,&quot;3&quot;:1},&quot;10&quot;:2,&quot;11&quot;:4,&quot;14&quot;:{&quot;1&quot;:2,&quot;2&quot;:16711680},&quot;15&quot;:&quot;Arial&quot;}\">wolnych w dzia\u0142aniach, aby by\u0107 przydatni dla siebie, dla innych i dla \u015bwiata<\/span><\/p>\n<\/span><\/div>\r\n<div class=\"datakey-content\"><span class=\"centered\"><p><span class=\"keb-headings keb-titre-h1\">1000<\/span><br \/>\n<span class=\"keb-headings keb-titre-h4\"><span class=\"light\">PUNKTY<\/span><br \/>\nSPRZEDA\u017bY<\/span><br \/>\nzakorzenione w obszarach dzia\u0142ania<br \/>\njak najbli\u017cej mieszka\u0144c\u00f3w<\/p>\n<\/span><\/div>\r\n<div class=\"datakey-content\"><span class=\"centered\"><p><span class=\"keb-headings keb-titre-h1\">21<\/span><br \/>\n<span class=\"keb-headings keb-titre-h4\">KRAJ\u00d3W<\/span><br \/>\ngdzie pomagamy mieszka\u0144com<br \/>\naby ich projekty mieszkaniowe sta\u0142y si\u0119 rzeczywisto\u015bci\u0105<\/p>\n<\/span><\/div>\r\n\t\t\t<\/div>\r\n\r\n\t\t\t\r\n\t\t\t<div class=\"swiper-pagination\"><\/div>\r\n\r\n\t\t\t\t\t\t\r\n\t\t\t<div class=\"swiper-button-prev swiperbtprev-4\">\r\n\t\t\t\t\t<style>\r\n\t\t.omb {box-shadow: 0px 0px 30px rgba(0, 0, 0, 0.9);}\r\n\t<\/style>\r\n\t<svg width=\"180\" height=\"180\" viewBox=\"0 0 180 180\" fill=\"none\" xmlns=\"http:\/\/www.w3.org\/2000\/svg\" class=\"picto-svg-next\">\r\n\t<circle cx=\"90\" cy=\"90\" r=\"60\" class=\"omb\" \/>\r\n\t\t<rect x=\"79.3223\" y=\"86.7868\" width=\"25\" height=\"5\" transform=\"rotate(45 79.3223 86.7868)\" fill=\"#F2F2ED\" \/>\r\n\t<rect width=\"25\" height=\"5\" transform=\"matrix(-0.707107 0.707107 0.707107 0.707107 93.3271 72.3215)\" fill=\"#F2F2ED\" \/>\r\n\t\t<\/svg>\r\n\t\t\t\t<\/div>\r\n\t\t\t<div class=\"swiper-button-next swiperbtnext-4\">\r\n\t\t\t\t\t<style>\r\n\t\t.omb {box-shadow: 0px 0px 30px rgba(0, 0, 0, 0.9);}\r\n\t<\/style>\r\n\t<svg width=\"180\" height=\"180\" viewBox=\"0 0 180 180\" fill=\"none\" xmlns=\"http:\/\/www.w3.org\/2000\/svg\" class=\"picto-svg-next\">\r\n\t<circle cx=\"90\" cy=\"90\" r=\"60\" class=\"omb\" \/>\r\n\t\t<rect x=\"100.678\" y=\"93.2133\" width=\"25\" height=\"5\" transform=\"rotate(-135 100.678 93.2133)\" fill=\"#F2F2ED\" \/>\r\n\t<rect width=\"25\" height=\"5\" transform=\"matrix(0.707107 -0.707107 -0.707107 -0.707107 86.6733 107.678)\" fill=\"#F2F2ED\" \/>\r\n\t\t<\/svg>\r\n\t\t\t\t<\/div>\r\n\t\t\t            \t\t<\/div>\r\n\t<\/div>\r\n<\/div>\r\n\r\n<\/div>\r\n\t\t\t\r\n\t<\/div>\r\n\r\n<\/div>\r\n[\/vc_column][\/vc_row][vc_row el_id=&#8221;timeline&#8221;][vc_column]<div class=\"adeo-section fullwidth padded bg-none\" id=\"timeline\">\r\n\t<div class=\"ksc-lame-timeline\">\t\t\r\n\t\t<h2 class=\"keb-titre-h1 title-with-underscore wrap-resp\"><span class=\"keb-headings keb-titre-h1\">Stulecie <strong>pozytywnych<\/strong> historii<\/span>\t\t<\/h2>\r\n\t\t<div class=\"wrap-timeline\">\r\n\t\t\t<div class=\"ksc-swiperjs-container\" >\r\n\t<div class=\"ksc-swiperjs-content wrap-resp swiperjs_wrap_tml_5\">\r\n\t\t\r\n\t\t<!-- Additional required wrapper -->\r\n\t\t<div class=\"swiper-wrapper\">\r\n\t\t\t<div class=\"block-date\" data-for=\"0\" aria-labelledby=\"1920 Pocz\u0105tek d\u0142ugiej, rodzinnej historii\">\r\n\t<span class=\"date keb-titre-h3\">1920<\/span>\r\n\t<div class=\"pointer-wrap\">\r\n\t\t<div class=\"pointer\"><\/div>\r\n\t<\/div>\r\n<\/div>\r\n\t\t<div class=\"block-date\" data-for=\"1\" aria-labelledby=\"1930   koncepcja modelu\">\r\n\t<span class=\"date keb-titre-h3\">1930  <\/span>\r\n\t<div class=\"pointer-wrap\">\r\n\t\t<div class=\"pointer\"><\/div>\r\n\t<\/div>\r\n<\/div>\r\n\t\t<div class=\"block-date\" data-for=\"2\" aria-labelledby=\"1940 Odbudowa przedsi\u0119biorstwa\">\r\n\t<span class=\"date keb-titre-h3\">1940<\/span>\r\n\t<div class=\"pointer-wrap\">\r\n\t\t<div class=\"pointer\"><\/div>\r\n\t<\/div>\r\n<\/div>\r\n\t\t<div class=\"block-date\" data-for=\"3\" aria-labelledby=\"1950 Rozw\u00f3j dzia\u0142alno\u015bci\">\r\n\t<span class=\"date keb-titre-h3\">1950<\/span>\r\n\t<div class=\"pointer-wrap\">\r\n\t\t<div class=\"pointer\"><\/div>\r\n\t<\/div>\r\n<\/div>\r\n\t\t<div class=\"block-date\" data-for=\"4\" aria-labelledby=\"1960 Transformacja modelu\">\r\n\t<span class=\"date keb-titre-h3\">1960<\/span>\r\n\t<div class=\"pointer-wrap\">\r\n\t\t<div class=\"pointer\"><\/div>\r\n\t<\/div>\r\n<\/div>\r\n\t\t<div class=\"block-date\" data-for=\"5\" aria-labelledby=\"1970 Otwieranie si\u0119 na nowe horyzonty\">\r\n\t<span class=\"date keb-titre-h3\">1970<\/span>\r\n\t<div class=\"pointer-wrap\">\r\n\t\t<div class=\"pointer\"><\/div>\r\n\t<\/div>\r\n<\/div>\r\n\t\t<div class=\"block-date\" data-for=\"6\" aria-labelledby=\"1980   Dzielenie si\u0119 kultur\u0105\">\r\n\t<span class=\"date keb-titre-h3\">1980  <\/span>\r\n\t<div class=\"pointer-wrap\">\r\n\t\t<div class=\"pointer\"><\/div>\r\n\t<\/div>\r\n<\/div>\r\n\t\t<div class=\"block-date\" data-for=\"7\" aria-labelledby=\"1990 Zaanga\u017cowanie w budowanie wsp\u00f3lnej przysz\u0142o\u015bci\">\r\n\t<span class=\"date keb-titre-h3\">1990<\/span>\r\n\t<div class=\"pointer-wrap\">\r\n\t\t<div class=\"pointer\"><\/div>\r\n\t<\/div>\r\n<\/div>\r\n\t\t<div class=\"block-date\" data-for=\"8\" aria-labelledby=\"2000 Proponowanie rozwi\u0105za\u0144 dla wszystkich\">\r\n\t<span class=\"date keb-titre-h3\">2000<\/span>\r\n\t<div class=\"pointer-wrap\">\r\n\t\t<div class=\"pointer\"><\/div>\r\n\t<\/div>\r\n<\/div>\r\n\t\t<div class=\"block-date\" data-for=\"9\" aria-labelledby=\"2010 W kierunku handlu wielokana\u0142owego\">\r\n\t<span class=\"date keb-titre-h3\">2010<\/span>\r\n\t<div class=\"pointer-wrap\">\r\n\t\t<div class=\"pointer\"><\/div>\r\n\t<\/div>\r\n<\/div>\r\n\t\t<div class=\"block-date\" data-for=\"10\" aria-labelledby=\"2020 Wymy\u015blanie siebie na nowo w obliczu globalnych wyzwa\u0144\">\r\n\t<span class=\"date keb-titre-h3\">2020<\/span>\r\n\t<div class=\"pointer-wrap\">\r\n\t\t<div class=\"pointer\"><\/div>\r\n\t<\/div>\r\n<\/div>\r\n\t\t\t\t<\/div>\r\n\t\t\r\n\t\t<!-- If we need pagination -->\r\n\t\t<div class=\"swiper-pagination\"><\/div>\r\n\r\n\t\t\t\t<!-- If we need navigation buttons -->\r\n\t\t<div class=\"swiper-button-prev swiperbtprev-tml_5\">\r\n\t\t\t\t<style>\r\n\t\t.omb {box-shadow: 0px 0px 30px rgba(0, 0, 0, 0.9);}\r\n\t<\/style>\r\n\t<svg width=\"180\" height=\"180\" viewBox=\"0 0 180 180\" fill=\"none\" xmlns=\"http:\/\/www.w3.org\/2000\/svg\" class=\"picto-svg-next\">\r\n\t<circle cx=\"90\" cy=\"90\" r=\"60\" class=\"omb\" \/>\r\n\t\t<rect x=\"79.3223\" y=\"86.7868\" width=\"25\" height=\"5\" transform=\"rotate(45 79.3223 86.7868)\" fill=\"#F2F2ED\" \/>\r\n\t<rect width=\"25\" height=\"5\" transform=\"matrix(-0.707107 0.707107 0.707107 0.707107 93.3271 72.3215)\" fill=\"#F2F2ED\" \/>\r\n\t\t<\/svg>\r\n\t\t\t<\/div>\r\n\t\t\t\t\r\n\t\t\t\t<div class=\"swiper-button-next swiperbtnext-tml_5\">\r\n\t\t\t\t<style>\r\n\t\t.omb {box-shadow: 0px 0px 30px rgba(0, 0, 0, 0.9);}\r\n\t<\/style>\r\n\t<svg width=\"180\" height=\"180\" viewBox=\"0 0 180 180\" fill=\"none\" xmlns=\"http:\/\/www.w3.org\/2000\/svg\" class=\"picto-svg-next\">\r\n\t<circle cx=\"90\" cy=\"90\" r=\"60\" class=\"omb\" \/>\r\n\t\t<rect x=\"100.678\" y=\"93.2133\" width=\"25\" height=\"5\" transform=\"rotate(-135 100.678 93.2133)\" fill=\"#F2F2ED\" \/>\r\n\t<rect width=\"25\" height=\"5\" transform=\"matrix(0.707107 -0.707107 -0.707107 -0.707107 86.6733 107.678)\" fill=\"#F2F2ED\" \/>\r\n\t\t<\/svg>\r\n\t\t\t<\/div>\r\n\t\t\t<\/div>\r\n<\/div>\r\n\t\t\t\r\n\t\t\t<div class=\"trait-timeline-full\"><\/div>\r\n\t\t<\/div>\r\n\t\t<div class=\"wrap-timeline-desc wrap-resp\">\r\n\t\t\r\n\t\t\t<div class=\"wrap-block-date-desc\" data-ref=\"0\">\t\t\r\n\t<div class=\"block-date-desc\">\r\n\t\t\t\t<div class=\"visu\">\r\n\t\t\t<img decoding=\"async\" src=\"https:\/\/www.adeo.com\/wp-content\/uploads\/2022\/07\/timeline_1920_le_debut_d_une_longue_histoire_familiale.jpg\" class=\"imgvisu\" alt=\"\">\r\n\t\t<\/div>\r\n\t\t\t\t<div class=\"text\">\r\n\t\t\t\t\t\t<h3 class=\"titre keb-titre-h4\">Pocz\u0105tek d\u0142ugiej, rodzinnej historii<\/h3>\r\n\t\t\t\t\t\t\t\t\t<p>W 1921 r. Adolphe Leroy Senior otworzy\u0142 we Francji, w Pas de Calais, pierwszy \u201eStocks Am\u00e9ricains\u201d. W tamtych czasach sklepy \u201eStocks Am\u00e9ricains\u201d oferowa\u0142y bezpo\u015brednio klientom indywidualnym wszelkiego rodzaju materia\u0142y do budowy i wyposa\u017cenia dom\u00f3w. Zgodnie z rodzinn\u0105 tradycj\u0105, Adolphe przekaza\u0142 je swojemu synowi Adolphe'owi Leroy i synowej Rose Merlin.<\/p>\t\r\n\t\t\t\t\t<\/div>\r\n\t<\/div>\r\n<\/div>\r\n\t\t<div class=\"wrap-block-date-desc\" data-ref=\"1\">\t\t\r\n\t<div class=\"block-date-desc\">\r\n\t\t\t\t<div class=\"visu\">\r\n\t\t\t<img decoding=\"async\" src=\"https:\/\/www.adeo.com\/wp-content\/uploads\/2022\/08\/timeline_1930_inventer_le_modele.jpg\" class=\"imgvisu\" alt=\"\">\r\n\t\t<\/div>\r\n\t\t\t\t<div class=\"text\">\r\n\t\t\t\t\t\t<h3 class=\"titre keb-titre-h4\">koncepcja modelu<\/h3>\r\n\t\t\t\t\t\t\t\t\t<p>Firma prosperuje w ca\u0142ym p\u00f3\u0142nocnym regionie Francji. Adolf i Rose rozpoczynaj\u0105 dzia\u0142alno\u015b\u0107 w zakresie sprzeda\u017cy wysy\u0142kowej i publikuj\u0105 pierwszy katalog prezentuj\u0105cy produkty, dzi\u0119ki kt\u00f3remu uzyskuj\u0105 po\u0142ow\u0119 swoich obrot\u00f3w. Firma prze\u017cywa dobry okres, stale tworzy miejsca pracy i staje si\u0119 wzorem dla wszystkich. Od tego momentu Adolphe Leroy sta\u0142 si\u0119 kluczow\u0105 osobisto\u015bci\u0105 miasta Noeux-les-Mines, firma zatrudnia oko\u0142o pi\u0119\u0107dziesi\u0119ciu pracownik\u00f3w i pracuje na pe\u0142nych obrotach.<\/p>\t\r\n\t\t\t\t\t<\/div>\r\n\t<\/div>\r\n<\/div>\r\n\t\t<div class=\"wrap-block-date-desc\" data-ref=\"2\">\t\t\r\n\t<div class=\"block-date-desc\">\r\n\t\t\t\t<div class=\"visu\">\r\n\t\t\t<img decoding=\"async\" src=\"https:\/\/www.adeo.com\/wp-content\/uploads\/2022\/08\/timeline_1940_reconstruire_l_entreprise.jpg\" class=\"imgvisu\" alt=\"\">\r\n\t\t<\/div>\r\n\t\t\t\t<div class=\"text\">\r\n\t\t\t\t\t\t<h3 class=\"titre keb-titre-h4\">Odbudowa przedsi\u0119biorstwa<\/h3>\r\n\t\t\t\t\t\t\t\t\t<p>W czasie II wojny \u015bwiatowej firma prowadzi\u0142a minimaln\u0105 dzia\u0142alno\u015b\u0107 w zakresie budowy domk\u00f3w letniskowych. Podobnie jak kraj w tamtych czasach, spo\u0142ecze\u0144stwo \u017cy\u0142o w zawieszeniu.<br \/>\r\nPo wyzwoleniu, we wrze\u015bniu 1944 r., Adolphe prze\u017cy\u0142 to samo, co jego ojciec w 1919 r. - musia\u0142 wszystko odbudowa\u0107. By\u0142 to pocz\u0105tek 30 wspania\u0142ych lat, a Adolphe Leroy postawi\u0142 sobie za cel pomoc w odbudowie kraju.<br \/>\r\nZaopatruje si\u0119 w nowe towary i otwiera trzy nowe sk\u0142ady. Teraz sprzedaje ju\u017c kompletne domy: Firma rozpoczyna dzia\u0142alno\u015b\u0107 od nowa.<\/p>\t\r\n\t\t\t\t\t<\/div>\r\n\t<\/div>\r\n<\/div>\r\n\t\t<div class=\"wrap-block-date-desc\" data-ref=\"3\">\t\t\r\n\t<div class=\"block-date-desc\">\r\n\t\t\t\t<div class=\"visu\">\r\n\t\t\t<img decoding=\"async\" src=\"https:\/\/www.adeo.com\/wp-content\/uploads\/2022\/08\/timeline_1950_developper_les_affaires.jpg\" class=\"imgvisu\" alt=\"\">\r\n\t\t<\/div>\r\n\t\t\t\t<div class=\"text\">\r\n\t\t\t\t\t\t<h3 class=\"titre keb-titre-h4\">Rozw\u00f3j dzia\u0142alno\u015bci<\/h3>\r\n\t\t\t\t\t\t\t\t\t<p>Od pocz\u0105tku lat 50. produkty, g\u0142\u00f3wnie farby, by\u0142y sprzedawane pod mark\u0105 \u201eStock Am\u00e9ricain\u201d. Ta opcja, bardzo oryginalna w tamtych czasach, potwierdza oryginalno\u015b\u0107 nazwy. W p\u00f3\u017aniejszym okresie przedsi\u0119biorstwo dzia\u0142a\u0142o w dwojaki spos\u00f3b, je\u015bli chodzi o zaopatrzenie: kupowa\u0142o towary partiami, co by\u0142o metod\u0105 blisk\u0105 Adolfowi, ale tak\u017ce poprzez w\u0142asny, sta\u0142y asortyment.<br \/>\r\nW 1958 r. nasze firmy rozpocz\u0119\u0142y ekspansj\u0119 krajow\u0105, otwieraj\u0105c sklepy w Longueau, Bruay la Buissi\u00e8re i Merlimont.<\/p>\t\r\n\t\t\t\t\t<\/div>\r\n\t<\/div>\r\n<\/div>\r\n\t\t<div class=\"wrap-block-date-desc\" data-ref=\"4\">\t\t\r\n\t<div class=\"block-date-desc\">\r\n\t\t\t\t<div class=\"visu\">\r\n\t\t\t<img decoding=\"async\" src=\"https:\/\/www.adeo.com\/wp-content\/uploads\/2022\/08\/timeline_1960_transformer_le_modele.jpg\" class=\"imgvisu\" alt=\"\">\r\n\t\t<\/div>\r\n\t\t\t\t<div class=\"text\">\r\n\t\t\t\t\t\t<h3 class=\"titre keb-titre-h4\">Transformacja modelu<\/h3>\r\n\t\t\t\t\t\t\t\t\t<p>Wraz z wy\u017cem demograficznym Francja potrzebuje mieszka\u0144. Otwieraj\u0105 si\u0119 pierwsze supermarkety, handel si\u0119 zmienia. To czas przyjemno\u015bci i wypoczynku: wybucha konsumpcja.<br \/>\r\nNowa era, nowa nazwa! Synowie Leroy tworz\u0105 mark\u0119 Leroy&nbsp;Merlin.<br \/>\r\nNaczynia, produkty dla majsterkowicz\u00f3w, sprz\u0119t AGD, dom: Leroy&nbsp;Merlin sprzedaje \u201ewszystko pod jednym dachem\u201d i wprowadza now\u0105 koncepcj\u0119: samoobs\u0142ug\u0119. Priorytetami pozostaje cena, wyb\u00f3r oraz obs\u0142uga.<br \/>\r\nAby zach\u0119ci\u0107 do kupowania ca\u0142e rodziny, marka wprowadzi\u0142a swoje pierwsze has\u0142o:<br \/>\r\n\u201eCzarodziej Leroy&nbsp;Merlin\u201d.<\/p>\t\r\n\t\t\t\t\t<\/div>\r\n\t<\/div>\r\n<\/div>\r\n\t\t<div class=\"wrap-block-date-desc\" data-ref=\"5\">\t\t\r\n\t<div class=\"block-date-desc\">\r\n\t\t\t\t<div class=\"visu\">\r\n\t\t\t<img decoding=\"async\" src=\"https:\/\/www.adeo.com\/wp-content\/uploads\/2022\/08\/timeline_1970_souvrir_vers_de_nouveaux_horizons.jpg\" class=\"imgvisu\" alt=\"\">\r\n\t\t<\/div>\r\n\t\t\t\t<div class=\"text\">\r\n\t\t\t\t\t\t<h3 class=\"titre keb-titre-h4\">Otwieranie si\u0119 na nowe horyzonty<\/h3>\r\n\t\t\t\t\t\t\t\t\t<p>Popularno\u015b\u0107 Leroy&nbsp;Merlin jest ogromna. Ka\u017cde otwarcie jest prawdziwym wydarzeniem dla mieszka\u0144c\u00f3w. Jednak wraz ze stopniow\u0105 zmian\u0105 czas\u00f3w pod koniec 30 wspania\u0142ych lat, w kraju pojawi\u0142y si\u0119 problemy spo\u0142eczne i bracia Leroy zacz\u0119li szuka\u0107 nowego partnera.<br \/>\r\nW 1979 roku stowarzyszenie AFM (Association Familiale Mulliez) przej\u0119\u0142o 50% udzia\u0142\u00f3w w firmie, a w 1980 roku naby\u0142o j\u0105 w ca\u0142o\u015bci.\"Mulliez) przej\u0119\u0142o 50% udzia\u0142\u00f3w w firmie, a w 1980 r. naby\u0142o je w ca\u0142o\u015bci.<\/p>\t\r\n\t\t\t\t\t<\/div>\r\n\t<\/div>\r\n<\/div>\r\n\t\t<div class=\"wrap-block-date-desc\" data-ref=\"6\">\t\t\r\n\t<div class=\"block-date-desc\">\r\n\t\t\t\t<div class=\"visu\">\r\n\t\t\t<img decoding=\"async\" src=\"https:\/\/www.adeo.com\/wp-content\/uploads\/2022\/08\/timeline_1980_partager_une_culture.jpg\" class=\"imgvisu\" alt=\"\">\r\n\t\t<\/div>\r\n\t\t\t\t<div class=\"text\">\r\n\t\t\t\t\t\t<h3 class=\"titre keb-titre-h4\">Dzielenie si\u0119 kultur\u0105<\/h3>\r\n\t\t\t\t\t\t\t\t\t<p>By\u0142 to czas globalizacji, a Leroy&nbsp;Merlin dostosowa\u0142 i upro\u015bci\u0142 sw\u00f3j asortyment, koncentruj\u0105c si\u0119 na majsterkowaniu, remontach i dekoracjach dla ka\u017cdego.<br \/>\r\nTo tak\u017ce czas dzielenia si\u0119.<br \/>\r\nPo wprowadzeniu udzia\u0142u w zyskach i premii za post\u0119p, pracownicy stali si\u0119 akcjonariuszami firmy w 1986 roku dzi\u0119ki programowi Valaction, kt\u00f3ry w 2007 roku stanie si\u0119 Valadeo.<br \/>\r\nUczestnicz\u0105 w nim i dziel\u0105 si\u0119 wynikami (maj\u0105tkiem), ale przede wszystkim dziel\u0105 si\u0119 wol\u0105, wiedz\u0105 i w\u0142adz\u0105.<br \/>\r\nDzielenie si\u0119 staje si\u0119 prawdziw\u0105 kultur\u0105 korporacyjn\u0105.<\/p>\t\r\n\t\t\t\t\t<\/div>\r\n\t<\/div>\r\n<\/div>\r\n\t\t<div class=\"wrap-block-date-desc\" data-ref=\"7\">\t\t\r\n\t<div class=\"block-date-desc\">\r\n\t\t\t\t<div class=\"visu\">\r\n\t\t\t<img decoding=\"async\" src=\"https:\/\/www.adeo.com\/wp-content\/uploads\/2022\/08\/timeline_1990_sengager_pour_un_avenir_commun.jpg\" class=\"imgvisu\" alt=\"\">\r\n\t\t<\/div>\r\n\t\t\t\t<div class=\"text\">\r\n\t\t\t\t\t\t<h3 class=\"titre keb-titre-h4\">Zaanga\u017cowanie w budowanie wsp\u00f3lnej przysz\u0142o\u015bci<\/h3>\r\n\t\t\t\t\t\t\t\t\t<p>Leroy&nbsp;Merlin ma ju\u017c ugruntowan\u0105 pozycj\u0119 na rynku wyposa\u017cenia i dekoracji wn\u0119trz i jest pierwsz\u0105 firm\u0105, kt\u00f3ra wprowadza nowe podej\u015bcie: Vision (Wizja).<br \/>\r\nPracownicy s\u0105 zach\u0119cani do wyobra\u017cenia sobie przysz\u0142o\u015bci firmy za 10 lat, a nast\u0119pnie wprowadzana jest dynamika wsp\u00f3lnego budowania i nowy, partycypacyjny styl zarz\u0105dzania. Sklepy zmieniaj\u0105 swoje oblicze, skupiaj\u0105 si\u0119 na s\u0142uchaniu klient\u00f3w, proponuj\u0105 nowe us\u0142ugi:<br \/>\r\ndowo\u017cenie towar\u00f3w, infolini\u0119, kart\u0119 lojalno\u015bciow\u0105.<br \/>\r\nW tym samym czasie Leroy&nbsp;Merlin staje si\u0119 federacj\u0105 autonomicznych przedsi\u0119biorstw i rozpoczyna sw\u00f3j mi\u0119dzynarodowy rozw\u00f3j, otwieraj\u0105c pierwszy sklep w Hiszpanii w 1989 roku i kupuj\u0105c belgijsk\u0105 firm\u0119 Bricoman.<\/p>\t\r\n\t\t\t\t\t<\/div>\r\n\t<\/div>\r\n<\/div>\r\n\t\t<div class=\"wrap-block-date-desc\" data-ref=\"8\">\t\t\r\n\t<div class=\"block-date-desc\">\r\n\t\t\t\t<div class=\"visu\">\r\n\t\t\t<img decoding=\"async\" src=\"https:\/\/www.adeo.com\/wp-content\/uploads\/2022\/08\/timeline_2000_proposer_nos_solutions_a_tous.jpg\" class=\"imgvisu\" alt=\"\">\r\n\t\t<\/div>\r\n\t\t\t\t<div class=\"text\">\r\n\t\t\t\t\t\t<h3 class=\"titre keb-titre-h4\">Proponowanie rozwi\u0105za\u0144 dla wszystkich<\/h3>\r\n\t\t\t\t\t\t\t\t\t<p>Grupa Leroy&nbsp;Merlin kontynuuje swoj\u0105 ekspansj\u0119, otwieraj\u0105c sklepy w Rosji, Brazylii, Hiszpanii, W\u0142oszech, Polsce, Portugalii, Grecji i Chinach.<br \/>\r\nW 2004 r. do grupy do\u0142\u0105czy\u0142y firmy Obramat w Hiszpanii, Bricocenter we W\u0142oszech, Aki w Hiszpanii i Portugalii oraz Weldom we Francji. W 2007 roku grupa Leroy&nbsp;Merlin sta\u0142a si\u0119 grup\u0105 ADEO, co po \u0142acinie oznacza \u201ezbli\u017ca\u0107 si\u0119\u201d, aby lepiej odzwierciedli\u0107 r\u00f3\u017cnorodno\u015b\u0107 swojej dzia\u0142alno\u015bci i ambicji. ADEO kontynuuje ekspansj\u0119 poprzez przej\u0119cie 60 sklep\u00f3w Castorama we W\u0142oszech.<\/p>\t\r\n\t\t\t\t\t<\/div>\r\n\t<\/div>\r\n<\/div>\r\n\t\t<div class=\"wrap-block-date-desc\" data-ref=\"9\">\t\t\r\n\t<div class=\"block-date-desc\">\r\n\t\t\t\t<div class=\"visu\">\r\n\t\t\t<img decoding=\"async\" src=\"https:\/\/www.adeo.com\/wp-content\/uploads\/2022\/08\/timeline_2010_aller_vers_l_omnicanal.jpg\" class=\"imgvisu\" alt=\"\">\r\n\t\t<\/div>\r\n\t\t\t\t<div class=\"text\">\r\n\t\t\t\t\t\t<h3 class=\"titre keb-titre-h4\">W kierunku handlu wielokana\u0142owego<\/h3>\r\n\t\t\t\t\t\t\t\t\t<p>W spo\u0142ecze\u0144stwie, w kt\u00f3rym sieci spo\u0142eczno\u015bciowe i e-commerce zyskuj\u0105 na popularno\u015bci, s\u0105 og\u00f3lnodost\u0119pne i wykazuj\u0105 prawdziw\u0105 u\u017cyteczno\u015b\u0107, ADEO podejmuje s\u0142uszn\u0105 decyzj\u0119 o przekszta\u0142ceniu si\u0119 w wielokana\u0142ow\u0105 i wsp\u00f3\u0142pracuj\u0105c\u0105 grup\u0119. Przej\u015bcie od \u201eWszystko pod jednym dachem\u201d po \u201eWszystko pod jednym palcem\u201d, rodzi si\u0119 nowy model \u0142\u0105cz\u0105cy formaty fizyczne i cyfrowe.<br \/>\r\nW 2017 roku, po uzyskaniu pozycji lidera w Europie i trzeciego miejsca na \u015bwiecie, ADEO kontynuuje swoj\u0105 transformacj\u0119 i otwiera si\u0119 na swoje ekosystemy, aby zbudowa\u0107 globaln\u0105 platform\u0119 poprawy warunk\u00f3w mieszkaniowych \u201eU\u017cyteczn\u0105 dla siebie, dla innych i dla \u015bwiata\u201d oraz oferowa\u0107 mieszka\u0144com kompletne rozwi\u0105zania, od produktu po instalacj\u0119.<\/p>\t\r\n\t\t\t\t\t<\/div>\r\n\t<\/div>\r\n<\/div>\r\n\t\t<div class=\"wrap-block-date-desc\" data-ref=\"10\">\t\t\r\n\t<div class=\"block-date-desc\">\r\n\t\t\t\t<div class=\"visu\">\r\n\t\t\t<img decoding=\"async\" src=\"https:\/\/www.adeo.com\/wp-content\/uploads\/2022\/08\/timeline_2020_se_reinventer_face_aux_de\u0301fis_du_monde.jpg\" class=\"imgvisu\" alt=\"\">\r\n\t\t<\/div>\r\n\t\t\t\t<div class=\"text\">\r\n\t\t\t\t\t\t<h3 class=\"titre keb-titre-h4\">Wymy\u015blanie siebie na nowo w obliczu globalnych wyzwa\u0144<\/h3>\r\n\t\t\t\t\t\t\t\t\t<p>Poprawa warunk\u00f3w mieszkaniowych to nadzwyczajna misja. Pragnieniem ADEO jest dzia\u0142a\u0107 odpowiedzialnie, przyczyniaj\u0105c si\u0119 do lepszej r\u00f3wnowagi mi\u0119dzyludzkiej, ekonomicznej i \u015brodowiskowej poprzez bycie U\u017bYTECZNYM dla mieszka\u0144c\u00f3w \u015bwiata. ADEO anga\u017cuje si\u0119 w tworzenie mieszka\u0144, dzielnic, miast i ca\u0142ej planety, bardziej przyjaznych i dostosowanych do potrzeb ich mieszka\u0144c\u00f3w. Aby te mieszkania by\u0142y u\u017cyteczne dla \u015bwiata, musz\u0105 by\u0107 pozytywne, tzn. energooszcz\u0119dne, wodooszcz\u0119dne, zdrowsze, wykonane ze zr\u00f3wnowa\u017conych zasob\u00f3w i poszanowaniem kobiet i m\u0119\u017cczyzn oraz \u015brodowiska. Integracja wymiaru pozytywnego we wszystkich dzia\u0142aniach firmy jest uosabiana przez podej\u015bcie \u201eWe Make It Positive\u201d, kt\u00f3re anga\u017cuje ca\u0142y ekosystem ADEO (pracownik\u00f3w, klient\u00f3w, dostawc\u00f3w, partner\u00f3w, stowarzyszenia itp.) na rzecz bardziej zr\u00f3wnowa\u017conych rozwi\u0105za\u0144. <\/p>\t\r\n\t\t\t\t\t<\/div>\r\n\t<\/div>\r\n<\/div>\r\n\t\t\t\t\r\n\t\t<\/div>\r\n\t\t\r\n\t<\/div>\r\n\r\n<\/div>\r\n[\/vc_column][\/vc_row]<\/p>\n<\/div>","protected":false},"excerpt":{"rendered":"<p>[vc_row css=&#8221;.vc_custom_1659447933072{background-color: #223848 !important;}&#8221;][vc_column][vc_raw_html]JTNDZGl2JTIwc3R5bGUlM0QlMjJwb3NpdGlvbiUzQWFic29sdXRlJTNCJTIwdG9wJTNBMjBweCUzQiUyMHJpZ2h0JTNBODBweCUzQiUyMHotaW5kZXglM0ExMDAwJTNCJTIyJTNFJTNDYSUyMGhyZWYlM0QlMjJkbGEtcHJhc3klMkYlMjIlMjBzdHlsZSUzRCUyMnBhZGRpbmclM0E1cHglMjAxMHB4JTNCJTIwYm9yZGVyLXJhZGl1cyUzQTVweCUzQiUyMGJhY2tncm91bmQtY29sb3IlM0ElMjNmMmYyZWQlM0IlMjBmb250LXNpemUlM0EyMHB4JTNCJTIwJTIyJTNFRGxhJTIwcHJhc3klM0MlMkZhJTNFJTNDJTJGZGl2JTNF[\/vc_raw_html][vc_row_inner][vc_column_inner][\/vc_column_inner][\/vc_row_inner][vc_empty_space height=&#8221;40px&#8221;][\/vc_column][\/vc_row][vc_row el_id=&#8221;brands&#8221;][vc_column][\/vc_column][\/vc_row][vc_row][vc_column][\/vc_column][\/vc_row][vc_row el_id=&#8221;timeline&#8221;][vc_column][\/vc_column][\/vc_row]<\/p>\n","protected":false},"author":3,"featured_media":5981,"parent":0,"menu_order":0,"comment_status":"closed","ping_status":"closed","template":"template-page-home.php","meta":{"_acf_changed":false,"inline_featured_image":false,"footnotes":""},"class_list":["post-7161","page","type-page","status-publish","has-post-thumbnail","hentry"],"acf":[],"_links":{"self":[{"href":"https:\/\/www.adeo.com\/pl\/wp-json\/wp\/v2\/pages\/7161","targetHints":{"allow":["GET"]}}],"collection":[{"href":"https:\/\/www.adeo.com\/pl\/wp-json\/wp\/v2\/pages"}],"about":[{"href":"https:\/\/www.adeo.com\/pl\/wp-json\/wp\/v2\/types\/page"}],"author":[{"embeddable":true,"href":"https:\/\/www.adeo.com\/pl\/wp-json\/wp\/v2\/users\/3"}],"replies":[{"embeddable":true,"href":"https:\/\/www.adeo.com\/pl\/wp-json\/wp\/v2\/comments?post=7161"}],"version-history":[{"count":8,"href":"https:\/\/www.adeo.com\/pl\/wp-json\/wp\/v2\/pages\/7161\/revisions"}],"predecessor-version":[{"id":18937,"href":"https:\/\/www.adeo.com\/pl\/wp-json\/wp\/v2\/pages\/7161\/revisions\/18937"}],"wp:featuredmedia":[{"embeddable":true,"href":"https:\/\/www.adeo.com\/pl\/wp-json\/wp\/v2\/media\/5981"}],"wp:attachment":[{"href":"https:\/\/www.adeo.com\/pl\/wp-json\/wp\/v2\/media?parent=7161"}],"curies":[{"name":"wp","href":"https:\/\/api.w.org\/{rel}","templated":true}]}}